{"id":1568,"date":"2022-09-07T11:22:08","date_gmt":"2022-09-07T09:22:08","guid":{"rendered":"https:\/\/produktumgeneral.hu\/?page_id=1568"},"modified":"2024-04-20T20:20:08","modified_gmt":"2024-04-20T18:20:08","slug":"altalanos-szerzodesi-feltetelek","status":"publish","type":"page","link":"https:\/\/produktumgeneral.hu\/en\/altalanos-szerzodesi-feltetelek\/","title":{"rendered":"\u00c1ltal\u00e1nos Szerz\u0151d\u00e9si Felt\u00e9telek"},"content":{"rendered":"<p>[et_pb_section fb_built=&#8221;1&#8243; custom_padding_last_edited=&#8221;on|phone&#8221; next_background_color=&#8221;#ffffff&#8221; admin_label=&#8221;Hero&#8221; module_id=&#8221;top&#8221; _builder_version=&#8221;4.18.0&#8243; background_enable_color=&#8221;off&#8221; use_background_color_gradient=&#8221;on&#8221; background_color_gradient_stops=&#8221;rgba(68,68,68,0.75) 0%|rgba(68,68,68,0.75) 100%&#8221; background_color_gradient_overlays_image=&#8221;on&#8221; background_color_gradient_start=&#8221;#1c8ac9&#8243; background_color_gradient_end=&#8221;rgba(28,138,201,0.8)&#8221; background_enable_image=&#8221;off&#8221; background_size=&#8221;contain&#8221; background_position=&#8221;center_right&#8221; custom_padding=&#8221;40px|0px|40px||true|false&#8221; custom_padding_tablet=&#8221;&#8221; custom_padding_phone=&#8221;&#8221; bottom_divider_style=&#8221;arrow2&#8243; bottom_divider_height=&#8221;60px&#8221; animation_style=&#8221;slide&#8221; animation_direction=&#8221;top&#8221; animation_duration=&#8221;400ms&#8221; animation_intensity_slide=&#8221;5%&#8221; global_colors_info=&#8221;{}&#8221;][et_pb_row _builder_version=&#8221;4.16&#8243; background_size=&#8221;initial&#8221; background_position=&#8221;top_left&#8221; background_repeat=&#8221;repeat&#8221; global_colors_info=&#8221;{}&#8221;][et_pb_column type=&#8221;4_4&#8243; _builder_version=&#8221;4.16&#8243; custom_padding=&#8221;|||&#8221; global_colors_info=&#8221;{}&#8221; custom_padding__hover=&#8221;|||&#8221;][et_pb_text _builder_version=&#8221;4.18.0&#8243; header_font=&#8221;|||on|||||&#8221; header_text_align=&#8221;left&#8221; header_text_color=&#8221;#FFFFFF&#8221; global_colors_info=&#8221;{}&#8221;]<\/p>\n<h1>\u00c1ltal\u00e1nos Szerz\u0151d\u00e9si Felt\u00e9telek<\/h1>\n<p>[\/et_pb_text][et_pb_text _builder_version=&#8221;4.18.0&#8243; text_text_color=&#8221;#F4F4F4&#8243; header_3_text_align=&#8221;center&#8221; header_3_font_size=&#8221;28px&#8221; header_4_text_align=&#8221;left&#8221; header_4_text_color=&#8221;#EBE7E4&#8243; header_4_font_size=&#8221;24px&#8221; global_colors_info=&#8221;{}&#8221;]<\/p>\n<p>K\u00e9rj\u00fck, olvassa el alaposan \u00c1ltal\u00e1nos Szerz\u0151d\u00e9si Felt\u00e9teleinket, hiszen rendel\u00e9se lead\u00e1s\u00e1val elfogadja a jelen dokumentumban le\u00edrtakat!<\/p>\n<p>[\/et_pb_text][et_pb_button button_url=&#8221;\/adatvedelmi-es-suti-tajekoztato\/&#8221; button_text=&#8221;Adatv\u00e9delmi \u00e9s s\u00fcti t\u00e1j\u00e9koztat\u00f3nk&#8221; button_alignment=&#8221;center&#8221; _builder_version=&#8221;4.18.0&#8243; _module_preset=&#8221;default&#8221; custom_button=&#8221;on&#8221; button_text_color=&#8221;#F4F4F4&#8243; button_font=&#8221;|||on|||||&#8221; global_colors_info=&#8221;{}&#8221; button_text_size__hover_enabled=&#8221;on|desktop&#8221;][\/et_pb_button][\/et_pb_column][\/et_pb_row][\/et_pb_section][et_pb_section fb_built=&#8221;1&#8243; _builder_version=&#8221;4.18.0&#8243; _module_preset=&#8221;default&#8221; custom_padding=&#8221;||22px|||&#8221; global_colors_info=&#8221;{}&#8221;][et_pb_row _builder_version=&#8221;4.18.0&#8243; _module_preset=&#8221;default&#8221; custom_padding=&#8221;||13px|||&#8221; global_colors_info=&#8221;{}&#8221;][et_pb_column type=&#8221;4_4&#8243; _builder_version=&#8221;4.18.0&#8243; _module_preset=&#8221;default&#8221; global_colors_info=&#8221;{}&#8221;][et_pb_text _builder_version=&#8221;4.18.0&#8243; _module_preset=&#8221;default&#8221; global_colors_info=&#8221;{}&#8221;]<\/p>\n<p>Amennyiben webshopunk haszn\u00e1lat\u00e1val, a v\u00e1s\u00e1rl\u00e1s folyamat\u00e1val, term\u00e9keinkkel vagy az \u00c1ltal\u00e1nos Szerz\u0151d\u00e9si Felt\u00e9telekkel kapcsolatos k\u00e9rd\u00e9se van, az al\u00e1bbi el\u00e9rhet\u0151s\u00e9geken kereszt\u00fcl veheti fel vel\u00fcnk a kapcsolatot:<\/p>\n<p>[\/et_pb_text][et_pb_text _builder_version=&#8221;4.18.0&#8243; _module_preset=&#8221;default&#8221; global_colors_info=&#8221;{}&#8221;]<\/p>\n<h3><strong>Az Elad\u00f3 adatai:<\/strong><\/h3>\n<p>[\/et_pb_text][\/et_pb_column][\/et_pb_row][et_pb_row _builder_version=&#8221;4.18.0&#8243; _module_preset=&#8221;default&#8221; custom_padding=&#8221;15px|||||&#8221; global_colors_info=&#8221;{}&#8221;][et_pb_column type=&#8221;4_4&#8243; _builder_version=&#8221;4.18.0&#8243; _module_preset=&#8221;default&#8221; global_colors_info=&#8221;{}&#8221;][dvmd_table_maker tbl_column_header_count=&#8221;0&#8243; tbl_tcell_cell_color=&#8221;#F4F4F4&#8243; tbl_rhead_cell_color=&#8221;#444444&#8243; _builder_version=&#8221;4.18.0&#8243; _module_preset=&#8221;default&#8221; global_colors_info=&#8221;{}&#8221;][dvmd_table_maker_item col_label=&#8221;adatok&#8221; col_content=&#8221;C\u00e9gn\u00e9v:<br \/>\nSz\u00e9khely:<br \/>\nPostac\u00edm:<br \/>\nAd\u00f3sz\u00e1m:<br \/>\nBanksz\u00e1mlasz\u00e1m:<br \/>\nC\u00e9gjegyz\u00e9ksz\u00e1m:<br \/>\nNyilv\u00e1ntart\u00e1sba vev\u0151 hat\u00f3s\u00e1g neve:<br \/>\nK\u00e9pvisel\u0151 neve:<br \/>\nWeboldal c\u00edm:<br \/>\nE-mail c\u00edm:<br \/>\nMobilsz\u00e1m:&#8221; _builder_version=&#8221;4.18.0&#8243; _module_preset=&#8221;default&#8221; global_colors_info=&#8221;{}&#8221;][\/dvmd_table_maker_item][dvmd_table_maker_item col_label=&#8221;C\u00e9gadatok&#8221; col_content=&#8221;PRODUKTUM GENER\u00c1L Korl\u00e1tolt Felel\u0151ss\u00e9g\u0171 T\u00e1rsas\u00e1g<br \/>\nVenyige str. 39\/B, Baja 6500, Hungary<br \/>\nVenyige str. 39\/B, Baja 6500, Hungary<br \/>\n26780300-2-03<br \/>\n11732033-22825492-00000000 (OTP Bank Nyrt.)<br \/>\n03-09-132834<br \/>\nKecskem\u00e9ti T\u00f6rv\u00e9nysz\u00e9k C\u00e9gb\u00edr\u00f3s\u00e1ga nyilv\u00e1ntart\u00e1s\u00e1ban<br \/>\nJ\u00e1nos Fekete<br \/>\nproduktumgeneral.hu<br \/>\nvezetoseg@produktumgeneral.hu<br \/>\n+36 20\/559-2357&#8243; _builder_version=&#8221;4.18.0&#8243; _module_preset=&#8221;default&#8221; global_colors_info=&#8221;{}&#8221;][\/dvmd_table_maker_item][\/dvmd_table_maker][\/et_pb_column][\/et_pb_row][et_pb_row _builder_version=&#8221;4.18.0&#8243; _module_preset=&#8221;default&#8221; global_colors_info=&#8221;{}&#8221;][et_pb_column type=&#8221;4_4&#8243; _builder_version=&#8221;4.18.0&#8243; _module_preset=&#8221;default&#8221; global_colors_info=&#8221;{}&#8221;][et_pb_text _builder_version=&#8221;4.18.0&#8243; _module_preset=&#8221;default&#8221; global_colors_info=&#8221;{}&#8221;]<\/p>\n<h3><strong>T\u00e1rhelyszolg\u00e1ltat\u00f3 adatai:<\/strong><\/h3>\n<p>[\/et_pb_text][dvmd_table_maker tbl_column_header_count=&#8221;0&#8243; tbl_tcell_cell_color=&#8221;#F4F4F4&#8243; tbl_rhead_cell_color=&#8221;#444444&#8243; _builder_version=&#8221;4.18.0&#8243; _module_preset=&#8221;default&#8221; global_colors_info=&#8221;{}&#8221;][dvmd_table_maker_item col_label=&#8221;adatok&#8221; col_content=&#8221;C\u00e9gn\u00e9v:<br \/>\nSz\u00e9khely:<br \/>\nWeboldal c\u00edm:&#8221; _builder_version=&#8221;4.18.0&#8243; _module_preset=&#8221;default&#8221; global_colors_info=&#8221;{}&#8221;][\/dvmd_table_maker_item][dvmd_table_maker_item col_label=&#8221;C\u00e9gadatok&#8221; col_content=&#8221;HostingBazis Bt.<br \/>\n4642 Tornyosp\u00e1lca, M\u00e1ndoki utca 40.<br \/>\nhttps:\/\/hostingbazis.hu\/&#8221; _builder_version=&#8221;4.18.0&#8243; _module_preset=&#8221;default&#8221; global_colors_info=&#8221;{}&#8221;][\/dvmd_table_maker_item][\/dvmd_table_maker][\/et_pb_column][\/et_pb_row][\/et_pb_section][et_pb_section fb_built=&#8221;1&#8243; _builder_version=&#8221;4.18.0&#8243; _module_preset=&#8221;default&#8221; background_color=&#8221;#F4F4F4&#8243; custom_padding=&#8221;19px|||||&#8221; global_colors_info=&#8221;{}&#8221;][et_pb_row _builder_version=&#8221;4.18.0&#8243; _module_preset=&#8221;default&#8221; global_colors_info=&#8221;{}&#8221;][et_pb_column type=&#8221;4_4&#8243; _builder_version=&#8221;4.18.0&#8243; _module_preset=&#8221;default&#8221; global_colors_info=&#8221;{}&#8221;][et_pb_text _builder_version=&#8221;4.18.0&#8243; _module_preset=&#8221;default&#8221; global_colors_info=&#8221;{}&#8221;]<\/p>\n<h3><strong>Fogalmak:<\/strong><\/h3>\n<p>[\/et_pb_text][et_pb_text _builder_version=&#8221;4.18.0&#8243; _module_preset=&#8221;default&#8221; global_colors_info=&#8221;{}&#8221;]<\/p>\n<p><strong>Felek:<\/strong>\u00a0Elad\u00f3 \u00e9s Fogyaszt\u00f3\/V\u00e1llalkoz\u00e1s egy\u00fcttesen<\/p>\n<p><strong>Fogyaszt\u00f3:<\/strong>\u00a0gazdas\u00e1gi tev\u00e9kenys\u00e9ge, illetve szakm\u00e1ja k\u00f6r\u00e9n k\u00edv\u00fcl elj\u00e1r\u00f3 nagykor\u00fa, 18. \u00e9let\u00e9v\u00e9t bet\u00f6lt\u00f6tt term\u00e9szetes szem\u00e9ly<\/p>\n<p><strong>Fogyaszt\u00f3i Szerz\u0151d\u00e9s:<\/strong>\u00a0szerz\u0151d\u00e9s, melynek egyik alanya Fogyaszt\u00f3nak min\u0151s\u00fcl<\/p>\n<p><strong>J\u00f3t\u00e1ll\u00e1s:<\/strong> a Fogyaszt\u00f3i Szerz\u0151d\u00e9s eset\u00e9ben a Polg\u00e1ri T\u00f6rv\u00e9nyk\u00f6nyv szerint<\/p>\n<ul>\n<li>jogszab\u00e1lyi k\u00f6telezetts\u00e9gen t\u00falmutat\u00f3, illetve \u00f6nk\u00e9nt, a szerz\u0151d\u00e9s megfelel\u0151 teljes\u00edt\u00e9s\u00e9\u00e9rt v\u00e1llalt j\u00f3t\u00e1ll\u00e1s<\/li>\n<li>k\u00f6telez\u0151 j\u00f3t\u00e1ll\u00e1s, mely jogszab\u00e1lyon alapul<\/li>\n<\/ul>\n<p><strong>Szerz\u0151d\u00e9s:<\/strong>\u00a0Elad\u00f3 \u00e9s Fogyaszt\u00f3\/V\u00e1llalkoz\u00e1s k\u00f6z\u00f6tt a webshop \u00e9s e-mail felhaszn\u00e1l\u00e1s\u00e1val t\u00f6rt\u00e9n\u0151 ad\u00e1sv\u00e9teli szerz\u0151d\u00e9s megk\u00f6t\u00e9se<\/p>\n<p><strong>T\u00e1voll\u00e9v\u0151k k\u00f6z\u00f6tt k\u00f6t\u00f6tt szerz\u0151d\u00e9s:<\/strong> a szerz\u0151d\u00e9s t\u00e1rgy\u00e1t k\u00e9pez\u0151 term\u00e9k megv\u00e1s\u00e1rl\u00e1s\u00e1ra vagy szolg\u00e1ltat\u00e1s ny\u00fajt\u00e1s\u00e1ra ir\u00e1nyul\u00f3 szerz\u0151d\u00e9s, amely a felek egyidej\u0171 fizikai jelenl\u00e9te n\u00e9lk\u00fcl, t\u00e1voll\u00e9v\u0151k k\u00f6zti kommunik\u00e1ci\u00f3s eszk\u00f6z alkalmaz\u00e1s\u00e1val, t\u00e1v\u00e9rt\u00e9kes\u00edt\u00e9si rendszer keretein bel\u00fcl ker\u00fcl megk\u00f6t\u00e9sre<\/p>\n<p><strong>T\u00e1voll\u00e9v\u0151k k\u00f6zti kommunik\u00e1ci\u00f3s eszk\u00f6z:<\/strong>\u00a0a felek t\u00e1voll\u00e9t\u00e9ben szerz\u0151d\u00e9si nyilatkozat megt\u00e9tel\u00e9re alkalmas eszk\u00f6z, pl. internetes hozz\u00e1f\u00e9r\u00e9st biztos\u00edt\u00f3 eszk\u00f6z, nyomtatv\u00e1ny, katal\u00f3gus, telefon<\/p>\n<p><strong>Term\u00e9k:<\/strong>\u00a0webshopunk \u00e1ruk\u00e9szlet\u00e9ben l\u00e9v\u0151, elad\u00e1sra sz\u00e1nt, birtokba vehet\u0151, Szerz\u0151d\u00e9s t\u00e1rgy\u00e1t k\u00e9pez\u0151, forgalomk\u00e9pes ing\u00f3s\u00e1g<\/p>\n<p><strong>V\u00e1llalkoz\u00e1s:<\/strong>\u00a0gazdas\u00e1gi tev\u00e9kenys\u00e9ge, illetve szakm\u00e1ja k\u00f6r\u00e9ben elj\u00e1r\u00f3 szem\u00e9ly<\/p>\n<p><strong>Webshop:<\/strong> webshopunk, melyen kereszt\u00fcl a szerz\u0151d\u00e9sk\u00f6t\u00e9s megval\u00f3sul<\/p>\n<p>[\/et_pb_text][\/et_pb_column][\/et_pb_row][\/et_pb_section][et_pb_section fb_built=&#8221;1&#8243; _builder_version=&#8221;4.18.0&#8243; _module_preset=&#8221;default&#8221; custom_padding=&#8221;22px||17px|||&#8221; global_colors_info=&#8221;{}&#8221;][et_pb_row _builder_version=&#8221;4.18.0&#8243; _module_preset=&#8221;default&#8221; global_colors_info=&#8221;{}&#8221;][et_pb_column type=&#8221;4_4&#8243; _builder_version=&#8221;4.18.0&#8243; _module_preset=&#8221;default&#8221; global_colors_info=&#8221;{}&#8221;][et_pb_text _builder_version=&#8221;4.18.0&#8243; _module_preset=&#8221;default&#8221; global_colors_info=&#8221;{}&#8221;]<\/p>\n<h3><strong>Vonatkoz\u00f3 jogszab\u00e1lyok:<\/strong><\/h3>\n<p>[\/et_pb_text][et_pb_text _builder_version=&#8221;4.18.0&#8243; _module_preset=&#8221;default&#8221; global_colors_info=&#8221;{}&#8221;]<\/p>\n<ul>\n<li>\u00e9vi CLV. t\u00f6rv\u00e9ny a fogyaszt\u00f3v\u00e9delemr\u0151l<\/li>\n<li>\u00e9vi LXXVI. t\u00f6rv\u00e9ny a szerz\u0151i jogr\u00f3l<\/li>\n<li>\u00e9vi CVIII. t\u00f6rv\u00e9ny az elektronikus kereskedelmi szolg\u00e1ltat\u00e1sok, valamint az inform\u00e1ci\u00f3s t\u00e1rsadalommal \u00f6sszef\u00fcgg\u0151 szolg\u00e1ltat\u00e1sok egyes k\u00e9rd\u00e9seir\u0151l<\/li>\n<li>151\/2003. (IX.22.) korm\u00e1nyrendelet a tart\u00f3s fogyaszt\u00e1si cikkekre vonatkoz\u00f3 k\u00f6telez\u0151 j\u00f3t\u00e1ll\u00e1sr\u00f3l<\/li>\n<li>\u00e9vi CXII. t\u00f6rv\u00e9ny az inform\u00e1ci\u00f3s \u00f6nrendelkez\u00e9si jogr\u00f3l \u00e9s az inform\u00e1ci\u00f3szabads\u00e1gr\u00f3l<\/li>\n<li>\u00e9vi V. t\u00f6rv\u00e9ny a Polg\u00e1ri T\u00f6rv\u00e9nyk\u00f6nyvr\u0151l<\/li>\n<li>19\/2014. (IV.29.) NGM rendelet a Fogyaszt\u00f3 \u00e9s v\u00e1llalkoz\u00e1s k\u00f6z\u00f6tti szerz\u0151d\u00e9s keret\u00e9ben eladott dolgokra vonatkoz\u00f3 szavatoss\u00e1gi \u00e9s j\u00f3t\u00e1ll\u00e1si ig\u00e9nyek int\u00e9z\u00e9s\u00e9nek elj\u00e1r\u00e1si szab\u00e1lyair\u00f3l<\/li>\n<li>45\/2014. (II.26.) korm\u00e1nyrendelet a Fogyaszt\u00f3 \u00e9s a v\u00e1llalkoz\u00e1s k\u00f6z\u00f6tti szerz\u0151d\u00e9sek r\u00e9szletes szab\u00e1lyair\u00f3l<\/li>\n<li>Az Eur\u00f3pai Parlament \u00e9s Tan\u00e1cs (EU) 2016\/679. rendelete (2016.04.27.) a term\u00e9szetes szem\u00e9lyek szem\u00e9lyes adatainak kezel\u00e9s\u00e9r\u0151l \u00e9s v\u00e9delm\u00e9r\u0151l, tov\u00e1bb\u00e1 ezen adatok szabad \u00e1raml\u00e1s\u00e1r\u00f3l, valamint a 95\/46\/EK rendelet, azaz az \u00e1ltal\u00e1nos adatv\u00e9delmi rendelet hat\u00e1lyon k\u00edv\u00fcl helyez\u00e9s\u00e9r\u0151l<\/li>\n<li>Az Eur\u00f3pai Parlament \u00e9s Tan\u00e1cs (EU) 2018\/302. rendelete (2018.02.28.) a bels\u0151 piacon bel\u00fcl a Fogyaszt\u00f3 \u00e1llampolg\u00e1rs\u00e1ga, lak\u00f3\/leteleped\u00e9si helye alapj\u00e1n val\u00f3 indokolatlan ter\u00fcleti alap\u00fa tartalomkorl\u00e1toz\u00e1ssal \u00e9s a megk\u00fcl\u00f6nb\u00f6ztet\u00e9s egy\u00e9b form\u00e1ival szembeni fell\u00e9p\u00e9sr\u0151l, valamint a 2006\/2004\/EK \u00e9s az (EU) 2017\/2394. rendelete, tov\u00e1bb\u00e1 a 2009\/22\/EK ir\u00e1nyelv m\u00f3dos\u00edt\u00e1s\u00e1r\u00f3l<\/li>\n<\/ul>\n<p>[\/et_pb_text][\/et_pb_column][\/et_pb_row][\/et_pb_section][et_pb_section fb_built=&#8221;1&#8243; _builder_version=&#8221;4.18.0&#8243; _module_preset=&#8221;default&#8221; custom_padding=&#8221;20px||15px|||&#8221; global_colors_info=&#8221;{}&#8221;][et_pb_row _builder_version=&#8221;4.18.0&#8243; _module_preset=&#8221;default&#8221; custom_padding=&#8221;18px||21px|||&#8221; global_colors_info=&#8221;{}&#8221;][et_pb_column type=&#8221;4_4&#8243; _builder_version=&#8221;4.18.0&#8243; _module_preset=&#8221;default&#8221; global_colors_info=&#8221;{}&#8221;][et_pb_text _builder_version=&#8221;4.18.0&#8243; _module_preset=&#8221;default&#8221; global_colors_info=&#8221;{}&#8221;]<\/p>\n<h3><strong>\u00c1SZF hat\u00e1lya \u00e9s elfogad\u00e1sa:<\/strong><\/h3>\n<p>[\/et_pb_text][et_pb_text _builder_version=&#8221;4.18.0&#8243; _module_preset=&#8221;default&#8221; global_colors_info=&#8221;{}&#8221;]<\/p>\n<p>A vonatkoz\u00f3 jogszab\u00e1lyok mellett a megk\u00f6t\u00e9sre ker\u00fcl\u0151 szerz\u0151d\u00e9s tartalm\u00e1t az \u00c1ltal\u00e1nos Szerz\u0151d\u00e9si Felt\u00e9telek is szab\u00e1lyozz\u00e1k. Ennek keretein bel\u00fcl \u00f6sszefoglaljuk a Fogyaszt\u00f3t \u00e9s az Elad\u00f3t megillet\u0151 jogokat, k\u00f6telezetts\u00e9geket, a szerz\u0151d\u00e9sk\u00f6t\u00e9s felt\u00e9teleit, a fizet\u00e9si, illetve sz\u00e1ll\u00edt\u00e1si felt\u00e9teleket, a hat\u00e1rid\u0151ket, a felel\u0151ss\u00e9ggel kapcsolatos szab\u00e1lyokat, tov\u00e1bb\u00e1 az el\u00e1ll\u00e1si jog gyakorl\u00e1s\u00e1nak felt\u00e9teleit.<\/p>\n<p>\u00d6n rendel\u00e9se lead\u00e1s\u00e1val elfogadja c\u00e9g\u00fcnk \u00c1ltal\u00e1nos Szerz\u0151d\u00e9si Felt\u00e9teleit, mely a megk\u00f6t\u00e9sre ker\u00fcl\u0151 szerz\u0151d\u00e9shez tartozik.<\/p>\n<p>[\/et_pb_text][\/et_pb_column][\/et_pb_row][\/et_pb_section][et_pb_section fb_built=&#8221;1&#8243; _builder_version=&#8221;4.18.0&#8243; _module_preset=&#8221;default&#8221; custom_padding=&#8221;15px||11px|||&#8221; global_colors_info=&#8221;{}&#8221;][et_pb_row _builder_version=&#8221;4.18.0&#8243; _module_preset=&#8221;default&#8221; custom_padding=&#8221;20px||18px|||&#8221; global_colors_info=&#8221;{}&#8221;][et_pb_column type=&#8221;4_4&#8243; _builder_version=&#8221;4.18.0&#8243; _module_preset=&#8221;default&#8221; global_colors_info=&#8221;{}&#8221;][et_pb_text _builder_version=&#8221;4.18.0&#8243; _module_preset=&#8221;default&#8221; global_colors_info=&#8221;{}&#8221;]<\/p>\n<h3><strong>Szerz\u0151d\u00e9s nyelve \u00e9s form\u00e1ja:<\/strong><\/h3>\n<p>[\/et_pb_text][et_pb_text _builder_version=&#8221;4.18.0&#8243; _module_preset=&#8221;default&#8221; global_colors_info=&#8221;{}&#8221;]<\/p>\n<p>A szerz\u0151d\u00e9s nyelve magyar.<\/p>\n<p>A szerz\u0151d\u00e9s a megrendel\u00e9s lead\u00e1s\u00e1val j\u00f6n l\u00e9tre a jelen \u00c1ltal\u00e1nos Szerz\u0151d\u00e9si Felt\u00e9telek elfogad\u00e1s\u00e1val.<\/p>\n<p>[\/et_pb_text][\/et_pb_column][\/et_pb_row][\/et_pb_section][et_pb_section fb_built=&#8221;1&#8243; _builder_version=&#8221;4.18.0&#8243; _module_preset=&#8221;default&#8221; custom_padding=&#8221;15px||15px|||&#8221; global_colors_info=&#8221;{}&#8221;][et_pb_row _builder_version=&#8221;4.18.0&#8243; _module_preset=&#8221;default&#8221; custom_padding=&#8221;18px||21px|||&#8221; global_colors_info=&#8221;{}&#8221;][et_pb_column type=&#8221;4_4&#8243; _builder_version=&#8221;4.18.0&#8243; _module_preset=&#8221;default&#8221; global_colors_info=&#8221;{}&#8221;][et_pb_text _builder_version=&#8221;4.18.0&#8243; _module_preset=&#8221;default&#8221; global_colors_info=&#8221;{}&#8221;]<\/p>\n<h3><strong>\u00c1rak:<\/strong><\/h3>\n<p>[\/et_pb_text][et_pb_text _builder_version=&#8221;4.18.0&#8243; _module_preset=&#8221;default&#8221; global_colors_info=&#8221;{}&#8221;]<\/p>\n<p>Az \u00e1rak forintban \u00e9rtend\u0151k. \u00c1raink nett\u00f3 \u00e1rak, melyek az \u00c1F\u00c1-t nem tartalmazz\u00e1k. Fenntartjuk az \u00e1rv\u00e1ltoztat\u00e1s jog\u00e1t.<\/p>\n<p>[\/et_pb_text][\/et_pb_column][\/et_pb_row][\/et_pb_section][et_pb_section fb_built=&#8221;1&#8243; _builder_version=&#8221;4.18.0&#8243; _module_preset=&#8221;default&#8221; background_color=&#8221;#F4F4F4&#8243; custom_padding=&#8221;16px|||||&#8221; global_colors_info=&#8221;{}&#8221;][et_pb_row _builder_version=&#8221;4.18.0&#8243; _module_preset=&#8221;default&#8221; global_colors_info=&#8221;{}&#8221;][et_pb_column type=&#8221;4_4&#8243; _builder_version=&#8221;4.18.0&#8243; _module_preset=&#8221;default&#8221; global_colors_info=&#8221;{}&#8221;][et_pb_text _builder_version=&#8221;4.18.0&#8243; _module_preset=&#8221;default&#8221; global_colors_info=&#8221;{}&#8221;]<\/p>\n<h3><strong>Panasz\u00fcgyint\u00e9z\u00e9s \u00e9s jog\u00e9rv\u00e9nyes\u00edt\u00e9si lehet\u0151s\u00e9gek:<\/strong><\/h3>\n<p>[\/et_pb_text][et_pb_text _builder_version=&#8221;4.18.0&#8243; _module_preset=&#8221;default&#8221; global_colors_info=&#8221;{}&#8221;]<\/p>\n<p>A Fogyaszt\u00f3 a term\u00e9ket, illet\u0151leg tev\u00e9kenys\u00e9g\u00fcnket illet\u0151 kifog\u00e1sait a k\u00f6vetkez\u0151 el\u00e9rhet\u0151s\u00e9geinken kereszt\u00fcl juttathatja el hozz\u00e1nk:<\/p>\n<ul><\/ul>\n<p>[\/et_pb_text][dvmd_table_maker tbl_column_header_count=&#8221;0&#8243; tbl_tcell_cell_color=&#8221;#F4F4F4&#8243; tbl_rhead_cell_color=&#8221;#444444&#8243; _builder_version=&#8221;4.18.0&#8243; _module_preset=&#8221;default&#8221; global_colors_info=&#8221;{}&#8221;][dvmd_table_maker_item col_label=&#8221;adatok&#8221; col_content=&#8221;Postai c\u00edm:<br \/>\nE-mail c\u00edm:<br \/>\nTelefonsz\u00e1m:&#8221; _builder_version=&#8221;4.18.0&#8243; _module_preset=&#8221;default&#8221; global_colors_info=&#8221;{}&#8221;][\/dvmd_table_maker_item][dvmd_table_maker_item col_label=&#8221;C\u00e9gadatok&#8221; col_content=&#8221;6500 Baja, Venyige utca 39. B. \u00e9p.<br \/>\nvezetoseg@produktumgeneral.hu<br \/>\n+36 20\/559-2357&#8243; _builder_version=&#8221;4.18.0&#8243; _module_preset=&#8221;default&#8221; global_colors_info=&#8221;{}&#8221;][\/dvmd_table_maker_item][\/dvmd_table_maker][et_pb_text _builder_version=&#8221;4.18.0&#8243; _module_preset=&#8221;default&#8221; global_colors_info=&#8221;{}&#8221;]<\/p>\n<p>A Fogyaszt\u00f3<strong> els\u0151sorban \u00edr\u00e1sban, egyes esetekben sz\u00f3ban is k\u00f6z\u00f6lheti panasz\u00e1t<\/strong>. A panasz vonatkozhat az Elad\u00f3 r\u00e9sz\u00e9r\u0151l elj\u00e1r\u00f3 szem\u00e9ly viselked\u00e9s\u00e9re, munk\u00e1j\u00e1ra, esetleg mulaszt\u00e1s\u00e1ra, mely a term\u00e9k forgalmaz\u00e1s\u00e1val, \u00e9rt\u00e9kes\u00edt\u00e9s\u00e9vel k\u00f6zvetlen kapcsolatban \u00e1ll.<\/p>\n<p><strong>A sz\u00f3beli panaszt c\u00e9g\u00fcnk halad\u00e9ktalanul kivizsg\u00e1lja \u00e9s a lehet\u0151s\u00e9geknek megfelel\u0151en megoldja<\/strong>. Amennyiben a Fogyaszt\u00f3 nem \u00e9rt egyet a panasz kezel\u00e9s\u00e9vel vagy a panasz halad\u00e9ktalan kivizsg\u00e1l\u00e1sa nem lehets\u00e9ges, a panaszr\u00f3l \u00e9s azzal kapcsolatos \u00e1ll\u00e1spontj\u00e1r\u00f3l jegyz\u0151k\u00f6nyvet vesz\u00fcnk fel, melynek m\u00e1solati p\u00e9ld\u00e1ny\u00e1t eljuttatjuk a Fogyaszt\u00f3 r\u00e9sz\u00e9re. <strong>Az \u00edr\u00e1sbeli panaszt c\u00e9g\u00fcnk\u00a0a be\u00e9rkez\u00e9st\u0151l sz\u00e1m\u00edtott 30 napon bel\u00fcl \u00edr\u00e1sban megv\u00e1laszolja<\/strong>.<\/p>\n<p>A panaszr\u00f3l felvett jegyz\u0151k\u00f6nyvnek az al\u00e1bbiakat kell tartalmaznia:<\/p>\n<ul>\n<li>Panasz eljuttat\u00e1s\u00e1nak hely\u00e9t, m\u00f3dj\u00e1t, idej\u00e9t<\/li>\n<li>Fogyaszt\u00f3 nev\u00e9t, lakc\u00edm\u00e9t, el\u00e9rhet\u0151s\u00e9g\u00e9t<\/li>\n<li>Fogyaszt\u00f3i panasz r\u00e9szletes le\u00edr\u00e1s\u00e1t, tov\u00e1bb\u00e1 a dokumentumok, iratok, bizony\u00edt\u00e9kok jegyz\u00e9k\u00e9t<\/li>\n<li>Az Elad\u00f3 nyilatkozat\u00e1t a Fogyaszt\u00f3i panaszt \u00e9rint\u0151 \u00e1ll\u00e1spontj\u00e1r\u00f3l, ha annak halad\u00e9ktalan kivizsg\u00e1l\u00e1sa megoldhat\u00f3<\/li>\n<li>Jegyz\u0151k\u00f6nyv felv\u00e9tel\u00e9nek hely\u00e9t \u00e9s idej\u00e9t<\/li>\n<li>A panasz egyedi azonos\u00edt\u00f3sz\u00e1m\u00e1t<\/li>\n<\/ul>\n<p>Az Elad\u00f3 a panaszr\u00f3l felvett jegyz\u0151k\u00f6nyvet \u00e9s a v\u00e1lasz m\u00e1solati p\u00e9ld\u00e1ny\u00e1t 5 \u00e9vig meg\u0151rzi, ellen\u0151rz\u0151 hat\u00f3s\u00e1g k\u00e9r\u00e9s\u00e9re bemutatja.<\/p>\n<p>Az Elad\u00f3 a Fogyaszt\u00f3t \u00edr\u00e1sban t\u00e1j\u00e9koztatja, amennyiben a panaszt elutas\u00edtja, hogy panasz\u00e1val mely hat\u00f3s\u00e1g vagy B\u00e9k\u00e9ltet\u0151 Test\u00fclet elj\u00e1r\u00e1s\u00e1t kezdem\u00e9nyezheti. Tartalmazza a t\u00e1j\u00e9koztat\u00e1s az illet\u00e9kes hat\u00f3s\u00e1g \u00e9s a Fogyaszt\u00f3 lak\u00f3helye\/tart\u00f3zkod\u00e1si helye szerinti B\u00e9k\u00e9ltet\u0151 Test\u00fclet sz\u00e9khely\u00e9t, levelez\u00e9si c\u00edm\u00e9t, el\u00e9rhet\u0151s\u00e9geit (weboldal, e-mail, telefonsz\u00e1m), valamint az Elad\u00f3 Fogyaszt\u00f3i jogvita rendez\u00e9se c\u00e9lj\u00e1b\u00f3l t\u00f6rt\u00e9n\u0151 B\u00e9k\u00e9ltet\u0151 Test\u00fcleti elj\u00e1r\u00e1s ig\u00e9nybev\u00e9tel\u00e9vel kapcsolatos \u00e1ll\u00e1spontj\u00e1t.<\/p>\n<p>Abban az esetben, ha az Elad\u00f3 \u00e9s a Fogyaszt\u00f3 k\u00f6zti jogvita t\u00e1rgyal\u00e1sok \u00fatj\u00e1n sem rendez\u0151dik, tov\u00e1bbi jog\u00e9rv\u00e9nyes\u00edt\u00e9si lehet\u0151s\u00e9gekkel \u00e9lhet a Fogyaszt\u00f3:<\/p>\n<p>[\/et_pb_text][\/et_pb_column][\/et_pb_row][\/et_pb_section][et_pb_section fb_built=&#8221;1&#8243; _builder_version=&#8221;4.18.0&#8243; _module_preset=&#8221;default&#8221; custom_padding=&#8221;||20px|||&#8221; global_colors_info=&#8221;{}&#8221;][et_pb_row _builder_version=&#8221;4.18.0&#8243; _module_preset=&#8221;default&#8221; custom_padding=&#8221;||17px|||&#8221; global_colors_info=&#8221;{}&#8221;][et_pb_column type=&#8221;4_4&#8243; _builder_version=&#8221;4.18.0&#8243; _module_preset=&#8221;default&#8221; global_colors_info=&#8221;{}&#8221;][et_pb_text _builder_version=&#8221;4.18.0&#8243; _module_preset=&#8221;default&#8221; global_colors_info=&#8221;{}&#8221;]<\/p>\n<h3><strong>Fogyaszt\u00f3v\u00e9delmi Hat\u00f3s\u00e1gi elj\u00e1r\u00e1s:<\/strong><\/h3>\n<p>[\/et_pb_text][et_pb_text _builder_version=&#8221;4.18.0&#8243; _module_preset=&#8221;default&#8221; global_colors_info=&#8221;{}&#8221;]<\/p>\n<p>A Fogyaszt\u00f3i jogok megs\u00e9rt\u00e9se eset\u00e9n a Fogyaszt\u00f3 jogosult panaszt tenni a lak\u00f3helye szerint illet\u00e9kes Fogyaszt\u00f3v\u00e9delmi Hat\u00f3s\u00e1gn\u00e1l. A hat\u00f3s\u00e1g d\u00f6nt a fogyaszt\u00f3v\u00e9delmi elj\u00e1r\u00e1s lefolytat\u00e1s\u00e1r\u00f3l a panasz elb\u00edr\u00e1l\u00e1s\u00e1t k\u00f6vet\u0151en. Az els\u0151fok\u00fa hat\u00f3s\u00e1gi feladatokat a j\u00e1r\u00e1si hivatalok l\u00e1tj\u00e1k el. El\u00e9rhet\u0151s\u00e9g\u00fck: <a href=\"https:\/\/jarasinfo.gov.hu\/jarasok-lista\">http:\/\/jarasinfo.gov.hu\/<\/a><\/p>\n<p>[\/et_pb_text][\/et_pb_column][\/et_pb_row][et_pb_row _builder_version=&#8221;4.18.0&#8243; _module_preset=&#8221;default&#8221; custom_padding=&#8221;20px||22px|||&#8221; global_colors_info=&#8221;{}&#8221;][et_pb_column type=&#8221;4_4&#8243; _builder_version=&#8221;4.18.0&#8243; _module_preset=&#8221;default&#8221; global_colors_info=&#8221;{}&#8221;][et_pb_text _builder_version=&#8221;4.18.0&#8243; _module_preset=&#8221;default&#8221; global_colors_info=&#8221;{}&#8221;]<\/p>\n<h3><strong>B\u00edr\u00f3s\u00e1gi elj\u00e1r\u00e1s:<\/strong><\/h3>\n<p>[\/et_pb_text][et_pb_text _builder_version=&#8221;4.18.0&#8243; _module_preset=&#8221;default&#8221; global_colors_info=&#8221;{}&#8221;]<\/p>\n<p>A Fogyaszt\u00f3 polg\u00e1ri elj\u00e1r\u00e1s keretein bel\u00fcl jogosult a jogvit\u00e1b\u00f3l sz\u00e1rmaz\u00f3 k\u00f6vetel\u00e9s\u00e9nek b\u00edr\u00f3s\u00e1g el\u0151tti \u00e9rv\u00e9nyes\u00edt\u00e9s\u00e9re a Polg\u00e1ri T\u00f6rv\u00e9nyk\u00f6nyvr\u0151l sz\u00f3l\u00f3 2013. \u00e9vi V. t\u00f6rv\u00e9ny, valamint a Polg\u00e1ri Perrendtart\u00e1sr\u00f3l sz\u00f3l\u00f3 2016. \u00e9vi CXXX. t\u00f6rv\u00e9ny rendelkez\u00e9sei szerint.<\/p>\n<p>[\/et_pb_text][\/et_pb_column][\/et_pb_row][et_pb_row _builder_version=&#8221;4.18.0&#8243; _module_preset=&#8221;default&#8221; custom_padding=&#8221;17px||25px|||&#8221; global_colors_info=&#8221;{}&#8221;][et_pb_column type=&#8221;4_4&#8243; _builder_version=&#8221;4.18.0&#8243; _module_preset=&#8221;default&#8221; global_colors_info=&#8221;{}&#8221;][et_pb_text _builder_version=&#8221;4.18.0&#8243; _module_preset=&#8221;default&#8221; global_colors_info=&#8221;{}&#8221;]<\/p>\n<h3><strong>B\u00e9k\u00e9ltet\u0151 Test\u00fcleti elj\u00e1r\u00e1s:<\/strong><\/h3>\n<p>[\/et_pb_text][et_pb_text _builder_version=&#8221;4.18.0&#8243; _module_preset=&#8221;default&#8221; global_colors_info=&#8221;{}&#8221;]<\/p>\n<p>Jogosult a lak\u00f3helye\/tart\u00f3zkod\u00e1si helye szerint illet\u00e9kes B\u00e9k\u00e9ltet\u0151 Test\u00fclethez fordulni, ha Fogyaszt\u00f3i panasz\u00e1t elutas\u00edtjuk. Az elj\u00e1r\u00e1s megind\u00edt\u00e1s\u00e1nak felt\u00e9tele, hogy a Fogyaszt\u00f3 az Elad\u00f3val k\u00f6zvetlen\u00fcl megk\u00eds\u00e9relje a vit\u00e1s \u00fcgy rendez\u00e9s\u00e9t.<\/p>\n<p>A B\u00e9k\u00e9ltet\u0151 Test\u00fcleti elj\u00e1r\u00e1sban az Elad\u00f3t egy\u00fcttm\u0171k\u00f6d\u00e9si k\u00f6telezetts\u00e9g terheli. Ez alapj\u00e1n az Elad\u00f3 k\u00f6teles a B\u00e9k\u00e9ltet\u0151 Test\u00fclet felh\u00edv\u00e1s\u00e1ra <strong>v\u00e1lasziratot megk\u00fcldeni<\/strong>, valamint a B\u00e9k\u00e9ltet\u0151 Test\u00fclet el\u0151tti meghallgat\u00e1son\u00a0<strong>megjelenni<\/strong> \u00e9s egyezs\u00e9g l\u00e9trehozatal\u00e1ra feljogos\u00edtott szem\u00e9ly r\u00e9szv\u00e9tel\u00e9t biztos\u00edtani.<\/p>\n<p>Ha az Elad\u00f3 sz\u00e9khelye\/telephelye a ter\u00fcletileg illet\u00e9kes B\u00e9k\u00e9ltet\u0151 Test\u00fcletet m\u0171k\u00f6dtet\u0151 kamara szerinti megy\u00e9n k\u00edv\u00fcl tal\u00e1lhat\u00f3, az Elad\u00f3 egy\u00fcttm\u0171k\u00f6d\u00e9si k\u00f6telezetts\u00e9ge a fogyaszt\u00f3i ig\u00e9ny megfelel\u0151 \u00edr\u00e1sbeli egyezs\u00e9gk\u00f6t\u00e9s lehet\u0151s\u00e9g\u00e9nek felaj\u00e1nl\u00e1s\u00e1ra terjed ki.<\/p>\n<p>Amennyiben az Elad\u00f3 a fenti egy\u00fcttm\u0171k\u00f6d\u00e9si k\u00f6telezetts\u00e9g\u00e9nek nem tesz eleget, a Fogyaszt\u00f3v\u00e9delmi Hat\u00f3s\u00e1g hat\u00e1sk\u00f6r\u00e9be ker\u00fcl az \u00fcgy, mely szerint a c\u00e9gek jogs\u00e9rt\u0151 magatart\u00e1sakor <strong>k\u00f6telez\u0151 b\u00edrs\u00e1gkiszab\u00e1s<\/strong>\u00a0van \u00e9rv\u00e9nyben, ett\u0151l eltekinteni nem lehet.<\/p>\n<p>A Fogyaszt\u00f3 k\u00e9relmezheti a B\u00e9k\u00e9ltet\u0151 Test\u00fcleti elj\u00e1r\u00e1s megind\u00edt\u00e1s\u00e1t. A k\u00e9relmet \u00edr\u00e1sban (lev\u00e9l, fax, t\u00e1virat \u00fatj\u00e1n, illetve a B\u00e9k\u00e9ltet\u0151 Test\u00fclet weboldal\u00e1n, elektronikus form\u00e1ban), a B\u00e9k\u00e9ltet\u0151 Test\u00fclet eln\u00f6k\u00e9hez sz\u00fcks\u00e9ges eljuttatni.<\/p>\n<p><strong>A k\u00e9relemnek tartalmaznia kell:<\/strong><\/p>\n<ul>\n<li>A Fogyaszt\u00f3 nev\u00e9t, lak\u00f3hely\u00e9t\/tart\u00f3zkod\u00e1si hely\u00e9t, el\u00e9rhet\u0151s\u00e9g\u00e9t<\/li>\n<li>A fogyaszt\u00f3i jogvit\u00e1val \u00e9rintett c\u00e9g nev\u00e9t, sz\u00e9khely\u00e9t\/telephely\u00e9t<\/li>\n<li>A Fogyaszt\u00f3 \u00e1ll\u00e1spontj\u00e1t \u00e9s az azzal kapcsolatos bizony\u00edt\u00e9kokat, t\u00e9nyeket<\/li>\n<li>A Fogyaszt\u00f3 nyilatkozat\u00e1t, hogy megk\u00eds\u00e9relte a vit\u00e1s \u00fcgy rendez\u00e9s\u00e9t k\u00f6zvetlen\u00fcl az \u00e9rintett v\u00e1llalkoz\u00e1ssal<\/li>\n<li>A Fogyaszt\u00f3 nyilatkozat\u00e1t, hogy m\u00e1s B\u00e9k\u00e9ltet\u0151 Test\u00fcleti elj\u00e1r\u00e1st nem kezdem\u00e9nyezett az \u00fcgyben, nem ind\u00edtott k\u00f6zvet\u00edt\u0151i elj\u00e1r\u00e1st, keresetlevelet nem adott be, fizet\u00e9si meghagy\u00e1s kibocs\u00e1t\u00e1s\u00e1ra ir\u00e1nyul\u00f3 k\u00e9relmet nem terjesztett el\u0151<\/li>\n<li>A Test\u00fclet d\u00f6nt\u00e9s\u00e9re ir\u00e1nyul\u00f3 ind\u00edtv\u00e1nyt<\/li>\n<li>A Fogyaszt\u00f3 al\u00e1\u00edr\u00e1s\u00e1t<\/li>\n<li>Amennyiben a Fogyaszt\u00f3 az illet\u00e9kes B\u00e9k\u00e9ltet\u0151 Test\u00fclet helyett m\u00e1s test\u00fcleti illet\u00e9kess\u00e9get k\u00e9relmezett, annak megjel\u00f6l\u00e9s\u00e9t<\/li>\n<\/ul>\n<p>Mindenk\u00e9ppen csatolni sz\u00fcks\u00e9ges a k\u00e9relemhez azon okiratot vagy annak m\u00e1solat\u00e1t, mely tartalm\u00e1ra bizony\u00edt\u00e9kk\u00e9nt hivatkozik a Fogyaszt\u00f3.<\/p>\n<p>Amennyiben meghatalmazott j\u00e1r el a panasz \u00fcgy\u00e9ben, a k\u00e9relemhez mell\u00e9kelni sz\u00fcks\u00e9ges a Fogyaszt\u00f3 \u00e1ltal kiadott meghatalmaz\u00e1st.<\/p>\n<p>Tov\u00e1bbi inform\u00e1ci\u00f3 a B\u00e9k\u00e9ltet\u0151 Test\u00fcletekr\u0151l: <a href=\"http:\/\/www.bekeltetes.hu\/\">http:\/\/www.bekeltetes.hu<\/a><\/p>\n<p>[\/et_pb_text][et_pb_text _builder_version=&#8221;4.18.0&#8243; _module_preset=&#8221;default&#8221; global_colors_info=&#8221;{}&#8221;]<\/p>\n<h4><strong>A ter\u00fcletileg illet\u00e9kes B\u00e9k\u00e9ltet\u0151 Test\u00fcletek el\u00e9rhet\u0151s\u00e9gei:<\/strong><\/h4>\n<p>[\/et_pb_text][\/et_pb_column][\/et_pb_row][et_pb_row column_structure=&#8221;1_2,1_2&#8243; _builder_version=&#8221;4.25.0&#8243; _module_preset=&#8221;default&#8221; global_colors_info=&#8221;{}&#8221; theme_builder_area=&#8221;post_content&#8221;][et_pb_column type=&#8221;1_2&#8243; _builder_version=&#8221;4.25.0&#8243; _module_preset=&#8221;default&#8221; global_colors_info=&#8221;{}&#8221; theme_builder_area=&#8221;post_content&#8221;][et_pb_text header_font=&#8221;PT Serif||||||||&#8221; text_font=&#8221;||||||||&#8221; text_font_size_tablet=&#8221;30px&#8221; text_font_size_last_edited=&#8221;on|phone&#8221; header_2_font=&#8221;Poppins||||||||&#8221; header_2_font_size=&#8221;30px&#8221; header_2_font_size_tablet=&#8221;30px&#8221; header_2_font_size_phone=&#8221;30px&#8221; header_2_font_size_last_edited=&#8221;on|phone&#8221; header_3_font=&#8221;Poppins||||||||&#8221; header_3_font_size=&#8221;26px&#8221; header_3_font_size_last_edited=&#8221;on|phone&#8221; _builder_version=&#8221;4.25.0&#8243; _module_preset=&#8221;554e61e8-462b-4de1-8d53-617429c1c524&#8243; link_text_color=&#8221;#3BA9F6&#8243; global_colors_info=&#8221;{%22gcid-7e56d805-541c-4f51-99df-bbc486a51ae5%22:%91%22header_text_color%22,%22header_text_color%22,%22header_text_color%22%93,%22gcid-ab442056-1717-4361-ae81-e2799d535d3a%22:%91%22link_text_color%22,%22link_text_color%22%93}&#8221; theme_builder_area=&#8221;post_content&#8221; text_font_size_phone=&#8221;30px&#8221; header_3_font_size_tablet=&#8221;26px&#8221; header_3_font_size_phone=&#8221;26px&#8221;]<\/p>\n<p>Budapesti B\u00e9k\u00e9ltet\u0151 Test\u00fclet<br \/>Sz\u00e9khely: Budapest<br \/>Illet\u00e9kess\u00e9gi ter\u00fclet: Budapest<br \/>El\u00e9rhet\u0151s\u00e9g:<br \/>C\u00edm: 1016 Budapest, Krisztina krt. 99. I. em. 111.<br \/>Levelez\u00e9si c\u00edm: 1253 Budapest, Pf.:10.<br \/>Telefonsz\u00e1m: <a href=\"tel:+3614882131\">06-1-488-2131<\/a><br \/>E-mail: <a href=\"mailto:bekelteto.testulet@bkik.hu\">bekelteto.testulet@bkik.hu<\/a><br \/>Honlap: <a href=\"https:\/\/bekeltet.bkik.hu\">bekeltet.bkik.hu<\/a><\/p>\n<p>[\/et_pb_text][et_pb_text header_font=&#8221;PT Serif||||||||&#8221; text_font=&#8221;||||||||&#8221; text_font_size_tablet=&#8221;30px&#8221; text_font_size_last_edited=&#8221;on|phone&#8221; header_2_font=&#8221;Poppins||||||||&#8221; header_2_font_size=&#8221;30px&#8221; header_2_font_size_tablet=&#8221;30px&#8221; header_2_font_size_phone=&#8221;30px&#8221; header_2_font_size_last_edited=&#8221;on|phone&#8221; header_3_font=&#8221;Poppins||||||||&#8221; header_3_font_size=&#8221;26px&#8221; header_3_font_size_last_edited=&#8221;on|phone&#8221; _builder_version=&#8221;4.25.0&#8243; _module_preset=&#8221;554e61e8-462b-4de1-8d53-617429c1c524&#8243; link_text_color=&#8221;#3BA9F6&#8243; global_colors_info=&#8221;{%22gcid-7e56d805-541c-4f51-99df-bbc486a51ae5%22:%91%22header_text_color%22,%22header_text_color%22,%22header_text_color%22,%22header_text_color%22,%22header_text_color%22,%22header_text_color%22%93,%22gcid-ab442056-1717-4361-ae81-e2799d535d3a%22:%91%22link_text_color%22,%22link_text_color%22,%22link_text_color%22,%22link_text_color%22,%22link_text_color%22%93}&#8221; theme_builder_area=&#8221;post_content&#8221; text_font_size_phone=&#8221;30px&#8221; header_3_font_size_tablet=&#8221;26px&#8221; header_3_font_size_phone=&#8221;26px&#8221;]<\/p>\n<p>Borsod-Aba\u00faj-Zempl\u00e9n V\u00e1rmegyei B\u00e9k\u00e9ltet\u0151 Test\u00fclet<br \/>Sz\u00e9khely: Miskolc<br \/>Illet\u00e9kess\u00e9gi ter\u00fclet: Borsod-Aba\u00faj-Zempl\u00e9n v\u00e1rmegye, Heves v\u00e1rmegye, N\u00f3gr\u00e1d v\u00e1rmegye<br \/>El\u00e9rhet\u0151s\u00e9g:<br \/>C\u00edm: 3525 Miskolc, Szentp\u00e1li u. 1.<br \/>Telefonsz\u00e1m: <a href=\"tel:+3646501090\">06-46-501-090<\/a><br \/>E-mail: <a href=\"mailto:bekeltetes@bokik.hu\">bekeltetes@bokik.hu<\/a><br \/>Honlap: <a href=\"https:\/\/bekeltetes.borsodmegye.hu\">bekeltetes.borsodmegye.hu<\/a><\/p>\n<p>[\/et_pb_text][et_pb_text header_font=&#8221;PT Serif||||||||&#8221; text_font=&#8221;||||||||&#8221; text_font_size_tablet=&#8221;30px&#8221; text_font_size_last_edited=&#8221;on|phone&#8221; header_2_font=&#8221;Poppins||||||||&#8221; header_2_font_size=&#8221;30px&#8221; header_2_font_size_tablet=&#8221;30px&#8221; header_2_font_size_phone=&#8221;30px&#8221; header_2_font_size_last_edited=&#8221;on|phone&#8221; header_3_font=&#8221;Poppins||||||||&#8221; header_3_font_size=&#8221;26px&#8221; header_3_font_size_last_edited=&#8221;on|phone&#8221; _builder_version=&#8221;4.25.0&#8243; _module_preset=&#8221;554e61e8-462b-4de1-8d53-617429c1c524&#8243; link_text_color=&#8221;#3BA9F6&#8243; global_colors_info=&#8221;{%22gcid-7e56d805-541c-4f51-99df-bbc486a51ae5%22:%91%22header_text_color%22,%22header_text_color%22,%22header_text_color%22,%22header_text_color%22,%22header_text_color%22,%22header_text_color%22,%22header_text_color%22%93,%22gcid-ab442056-1717-4361-ae81-e2799d535d3a%22:%91%22link_text_color%22,%22link_text_color%22,%22link_text_color%22,%22link_text_color%22,%22link_text_color%22,%22link_text_color%22%93}&#8221; theme_builder_area=&#8221;post_content&#8221; text_font_size_phone=&#8221;30px&#8221; header_3_font_size_tablet=&#8221;26px&#8221; header_3_font_size_phone=&#8221;26px&#8221;]<\/p>\n<p>Fej\u00e9r V\u00e1rmegyei B\u00e9k\u00e9ltet\u0151 Test\u00fclet<br \/>Sz\u00e9khely: Sz\u00e9kesfeh\u00e9rv\u00e1r<br \/>Illet\u00e9kess\u00e9gi ter\u00fclet: Fej\u00e9r v\u00e1rmegye, Kom\u00e1rom-Esztergom v\u00e1rmegye, Veszpr\u00e9m v\u00e1rmegye<br \/>El\u00e9rhet\u0151s\u00e9g:<br \/>C\u00edm: 8000 Sz\u00e9kesfeh\u00e9rv\u00e1r, Hossz\u00fas\u00e9tat\u00e9r 4-6.<br \/>Telefonsz\u00e1m: <a href=\"tel:+3622510310\">06-22-510-310<\/a><br \/>E-mail: <a href=\"mailto:bekeltetes@fmkik.hu\">bekeltetes@fmkik.hu<\/a><br \/>Honlap: <a href=\"https:\/\/www.bekeltetesfejer.hu\">www.bekeltetesfejer.hu<\/a><\/p>\n<p>[\/et_pb_text][et_pb_text header_font=&#8221;PT Serif||||||||&#8221; text_font=&#8221;||||||||&#8221; text_font_size_tablet=&#8221;30px&#8221; text_font_size_last_edited=&#8221;on|phone&#8221; header_2_font=&#8221;Poppins||||||||&#8221; header_2_font_size=&#8221;30px&#8221; header_2_font_size_tablet=&#8221;30px&#8221; header_2_font_size_phone=&#8221;30px&#8221; header_2_font_size_last_edited=&#8221;on|phone&#8221; header_3_font=&#8221;Poppins||||||||&#8221; header_3_font_size=&#8221;26px&#8221; header_3_font_size_last_edited=&#8221;on|phone&#8221; _builder_version=&#8221;4.25.0&#8243; _module_preset=&#8221;554e61e8-462b-4de1-8d53-617429c1c524&#8243; link_text_color=&#8221;#3BA9F6&#8243; global_colors_info=&#8221;{%22gcid-7e56d805-541c-4f51-99df-bbc486a51ae5%22:%91%22header_text_color%22,%22header_text_color%22%93,%22gcid-ab442056-1717-4361-ae81-e2799d535d3a%22:%91%22link_text_color%22%93}&#8221; theme_builder_area=&#8221;post_content&#8221; text_font_size_phone=&#8221;30px&#8221; header_3_font_size_tablet=&#8221;26px&#8221; header_3_font_size_phone=&#8221;26px&#8221;]<\/p>\n<p>Hajd\u00fa-Bihar V\u00e1rmegyei B\u00e9k\u00e9ltet\u0151 Test\u00fclet<br \/>Sz\u00e9khely: Debrecen<br \/>Illet\u00e9kess\u00e9gi ter\u00fclet: J\u00e1sz-Nagykun-Szolnok v\u00e1rmegye, Hajd\u00fa-Bihar v\u00e1rmegye, Szabolcs-Szatm\u00e1r-Bereg v\u00e1rmegye<br \/>El\u00e9rhet\u0151s\u00e9g:<br \/>C\u00edm: 4025 Debrecen, V\u00f6r\u00f6smarty u. 13-15.<br \/>Telefonsz\u00e1m: <a href=\"tel:+3652500710\">06-52-500-710<\/a><br \/>E-mail: <a href=\"mailto:bekelteto@hbkik.hu\">bekelteto@hbkik.hu<\/a><br \/>Honlap: <a href=\"https:\/\/hbmbekeltetes.hu\">hbmbekeltetes.hu<\/a><\/p>\n<p>[\/et_pb_text][\/et_pb_column][et_pb_column type=&#8221;1_2&#8243; _builder_version=&#8221;4.25.0&#8243; _module_preset=&#8221;default&#8221; global_colors_info=&#8221;{}&#8221; theme_builder_area=&#8221;post_content&#8221;][et_pb_text header_font=&#8221;PT Serif||||||||&#8221; text_font=&#8221;||||||||&#8221; text_font_size_tablet=&#8221;30px&#8221; text_font_size_last_edited=&#8221;on|phone&#8221; header_2_font=&#8221;Poppins||||||||&#8221; header_2_font_size=&#8221;30px&#8221; header_2_font_size_tablet=&#8221;30px&#8221; header_2_font_size_phone=&#8221;30px&#8221; header_2_font_size_last_edited=&#8221;on|phone&#8221; header_3_font=&#8221;Poppins||||||||&#8221; header_3_font_size=&#8221;26px&#8221; header_3_font_size_last_edited=&#8221;on|phone&#8221; _builder_version=&#8221;4.25.0&#8243; _module_preset=&#8221;554e61e8-462b-4de1-8d53-617429c1c524&#8243; link_text_color=&#8221;#3BA9F6&#8243; global_colors_info=&#8221;{%22gcid-7e56d805-541c-4f51-99df-bbc486a51ae5%22:%91%22header_text_color%22,%22header_text_color%22,%22header_text_color%22,%22header_text_color%22%93,%22gcid-ab442056-1717-4361-ae81-e2799d535d3a%22:%91%22link_text_color%22,%22link_text_color%22,%22link_text_color%22%93}&#8221; theme_builder_area=&#8221;post_content&#8221; text_font_size_phone=&#8221;30px&#8221; header_3_font_size_tablet=&#8221;26px&#8221; header_3_font_size_phone=&#8221;26px&#8221;]<\/p>\n<p>Baranya V\u00e1rmegyei B\u00e9k\u00e9ltet\u0151 Test\u00fclet<br \/>Sz\u00e9khely: P\u00e9cs<br \/>Illet\u00e9kess\u00e9gi ter\u00fclet: Baranya v\u00e1rmegye, Somogy v\u00e1rmegye, Tolna v\u00e1rmegye<br \/>El\u00e9rhet\u0151s\u00e9g:<br \/>C\u00edm: 7625 P\u00e9cs, Majorossy I. u. 36.<br \/>Telefonsz\u00e1m: <a href=\"tel:+36672507154\">06-72-507-154<\/a><br \/>E-mail: <a href=\"mailto:info@baranyabekeltetes.hu\">info@baranyabekeltetes.hu<\/a><br \/>Honlap: <a href=\"https:\/\/baranyabekeltetes.hu\">baranyabekeltetes.hu<\/a><\/p>\n<p>[\/et_pb_text][et_pb_text header_font=&#8221;PT Serif||||||||&#8221; text_font=&#8221;||||||||&#8221; text_font_size_tablet=&#8221;30px&#8221; text_font_size_last_edited=&#8221;on|phone&#8221; header_2_font=&#8221;Poppins||||||||&#8221; header_2_font_size=&#8221;30px&#8221; header_2_font_size_tablet=&#8221;30px&#8221; header_2_font_size_phone=&#8221;30px&#8221; header_2_font_size_last_edited=&#8221;on|phone&#8221; header_3_font=&#8221;Poppins||||||||&#8221; header_3_font_size=&#8221;26px&#8221; header_3_font_size_last_edited=&#8221;on|phone&#8221; _builder_version=&#8221;4.25.0&#8243; _module_preset=&#8221;554e61e8-462b-4de1-8d53-617429c1c524&#8243; link_text_color=&#8221;#3BA9F6&#8243; global_colors_info=&#8221;{%22gcid-7e56d805-541c-4f51-99df-bbc486a51ae5%22:%91%22header_text_color%22,%22header_text_color%22,%22header_text_color%22,%22header_text_color%22,%22header_text_color%22%93,%22gcid-ab442056-1717-4361-ae81-e2799d535d3a%22:%91%22link_text_color%22,%22link_text_color%22,%22link_text_color%22,%22link_text_color%22%93}&#8221; theme_builder_area=&#8221;post_content&#8221; text_font_size_phone=&#8221;30px&#8221; header_3_font_size_tablet=&#8221;26px&#8221; header_3_font_size_phone=&#8221;26px&#8221;]<\/p>\n<p>Csongr\u00e1d-Csan\u00e1d V\u00e1rmegyei B\u00e9k\u00e9ltet\u0151 Test\u00fclet<br \/>Sz\u00e9khely: Szeged<br \/>Illet\u00e9kess\u00e9gi ter\u00fclet: B\u00e9k\u00e9s v\u00e1rmegye, B\u00e1cs-Kiskun v\u00e1rmegye, Csongr\u00e1d-Csan\u00e1d v\u00e1rmegye<br \/>El\u00e9rhet\u0151s\u00e9g:<br \/>C\u00edm: 6721 Szeged, P\u00e1rizsi krt. 8-12.<br \/>Telefonsz\u00e1m: <a href=\"tel:+3662554250\/118\">06-62-554-250\/118<\/a><br \/>E-mail: <a href=\"mailto:bekelteto.testulet@cskik.hu\">bekelteto.testulet@cskik.hu<\/a><br \/>Honlap: <a href=\"https:\/\/bekeltetes-csongrad.hu\">bekeltetes-csongrad.hu<\/a><\/p>\n<p>[\/et_pb_text][et_pb_text header_font=&#8221;PT Serif||||||||&#8221; text_font=&#8221;||||||||&#8221; text_font_size_tablet=&#8221;30px&#8221; text_font_size_last_edited=&#8221;on|phone&#8221; header_2_font=&#8221;Poppins||||||||&#8221; header_2_font_size=&#8221;30px&#8221; header_2_font_size_tablet=&#8221;30px&#8221; header_2_font_size_phone=&#8221;30px&#8221; header_2_font_size_last_edited=&#8221;on|phone&#8221; header_3_font=&#8221;Poppins||||||||&#8221; header_3_font_size=&#8221;26px&#8221; header_3_font_size_last_edited=&#8221;on|phone&#8221; _builder_version=&#8221;4.25.0&#8243; _module_preset=&#8221;554e61e8-462b-4de1-8d53-617429c1c524&#8243; link_text_color=&#8221;#3BA9F6&#8243; global_colors_info=&#8221;{%22gcid-7e56d805-541c-4f51-99df-bbc486a51ae5%22:%91%22header_text_color%22,%22header_text_color%22,%22header_text_color%22,%22header_text_color%22,%22header_text_color%22,%22header_text_color%22,%22header_text_color%22,%22header_text_color%22%93,%22gcid-ab442056-1717-4361-ae81-e2799d535d3a%22:%91%22link_text_color%22,%22link_text_color%22,%22link_text_color%22,%22link_text_color%22,%22link_text_color%22,%22link_text_color%22,%22link_text_color%22%93}&#8221; theme_builder_area=&#8221;post_content&#8221; text_font_size_phone=&#8221;30px&#8221; header_3_font_size_tablet=&#8221;26px&#8221; header_3_font_size_phone=&#8221;26px&#8221;]<\/p>\n<p>Gy\u0151r-Moson-Sopron V\u00e1rmegyei B\u00e9k\u00e9ltet\u0151 Test\u00fclet<br \/>Sz\u00e9khely: Gy\u0151r<br \/>Illet\u00e9kess\u00e9gi ter\u00fclet: Gy\u0151r-Moson-Sopron v\u00e1rmegye, Vas v\u00e1rmegye, Zala v\u00e1rmegye<br \/>El\u00e9rhet\u0151s\u00e9g:<br \/>C\u00edm: 9021 Gy\u0151r, Szent Istv\u00e1n \u00fat 10\/a.<br \/>Telefonsz\u00e1m: <a href=\"tel:+3696520217\">06-96-520-217<\/a><br \/>E-mail: <a href=\"mailto:bekeltetotestulet@gymskik.hu\">bekeltetotestulet@gymskik.hu<\/a><br \/>Honlap: <a href=\"https:\/\/bekeltetesgyor.hu\">bekeltetesgyor.hu<\/a><\/p>\n<p>[\/et_pb_text][et_pb_text header_font=&#8221;PT Serif||||||||&#8221; text_font=&#8221;||||||||&#8221; text_font_size_tablet=&#8221;30px&#8221; text_font_size_last_edited=&#8221;on|phone&#8221; header_2_font=&#8221;Poppins||||||||&#8221; header_2_font_size=&#8221;30px&#8221; header_2_font_size_tablet=&#8221;30px&#8221; header_2_font_size_phone=&#8221;30px&#8221; header_2_font_size_last_edited=&#8221;on|phone&#8221; header_3_font=&#8221;Poppins||||||||&#8221; header_3_font_size=&#8221;26px&#8221; header_3_font_size_last_edited=&#8221;on|phone&#8221; _builder_version=&#8221;4.25.0&#8243; _module_preset=&#8221;554e61e8-462b-4de1-8d53-617429c1c524&#8243; link_text_color=&#8221;#3BA9F6&#8243; hover_enabled=&#8221;0&#8243; global_colors_info=&#8221;{%22gcid-7e56d805-541c-4f51-99df-bbc486a51ae5%22:%91%22header_text_color%22,%22header_text_color%22,%22header_text_color%22,%22header_text_color%22,%22header_text_color%22,%22header_text_color%22,%22header_text_color%22,%22header_text_color%22,%22header_text_color%22%93,%22gcid-ab442056-1717-4361-ae81-e2799d535d3a%22:%91%22link_text_color%22,%22link_text_color%22,%22link_text_color%22,%22link_text_color%22,%22link_text_color%22,%22link_text_color%22,%22link_text_color%22,%22link_text_color%22%93}&#8221; theme_builder_area=&#8221;post_content&#8221; sticky_enabled=&#8221;0&#8243; text_font_size_phone=&#8221;30px&#8221; header_3_font_size_tablet=&#8221;26px&#8221; header_3_font_size_phone=&#8221;26px&#8221;]<\/p>\n<p>Pest V\u00e1rmegyei B\u00e9k\u00e9ltet\u0151 Test\u00fclet<br \/>Sz\u00e9khely: Budapest<br \/>Illet\u00e9kess\u00e9gi ter\u00fclet: Pest V\u00e1rmegye<br \/>El\u00e9rhet\u0151s\u00e9g:<br \/>C\u00edm: 1055 Budapest, Balassi B\u00e1lint u. 25. IV\/2.<br \/>Telefonsz\u00e1m: <a href=\"tel:+3617927881\">06-1-792-7881<\/a><br \/>E-mail: <a href=\"mailto:pmbekelteto@pmkik.hu\">pmbekelteto@pmkik.hu<\/a><br \/>Honlap: <a href=\"https:\/\/panaszrendezes.hu\">panaszrendezes.hu<\/a><\/p>\n<p>[\/et_pb_text][\/et_pb_column][\/et_pb_row][et_pb_row _builder_version=&#8221;4.18.0&#8243; _module_preset=&#8221;default&#8221; custom_padding=&#8221;22px||30px|||&#8221; global_colors_info=&#8221;{}&#8221;][et_pb_column type=&#8221;4_4&#8243; _builder_version=&#8221;4.18.0&#8243; _module_preset=&#8221;default&#8221; global_colors_info=&#8221;{}&#8221;][et_pb_text _builder_version=&#8221;4.18.0&#8243; _module_preset=&#8221;default&#8221; global_colors_info=&#8221;{}&#8221;]<\/p>\n<h4><strong>Online vitarendez\u00e9si platform:<\/strong><\/h4>\n<p>[\/et_pb_text][et_pb_text _builder_version=&#8221;4.18.0&#8243; _module_preset=&#8221;default&#8221; global_colors_info=&#8221;{}&#8221;]<\/p>\n<p>Az Eur\u00f3pai Bizotts\u00e1g \u00e1ltal l\u00e9trehozott weboldalon, Fogyaszt\u00f3i regisztr\u00e1ci\u00f3t k\u00f6vet\u0151en, az oldalon tal\u00e1lhat\u00f3 k\u00e9relem kit\u00f6lt\u00e9s\u00e9vel a Fogyaszt\u00f3 rendezheti az online v\u00e1s\u00e1rl\u00e1ssal kapcsolatos jogvit\u00e1it b\u00edr\u00f3s\u00e1gi elj\u00e1r\u00e1s ind\u00edt\u00e1sa n\u00e9lk\u00fcl. Ez is egy m\u00f3dja a t\u00e1vols\u00e1gi korl\u00e1tok n\u00e9lk\u00fcli Fogyaszt\u00f3i jog\u00e9rv\u00e9nyes\u00edt\u00e9snek.<\/p>\n<p>\u00d6n panaszt tehet az online v\u00e1s\u00e1rolt term\u00e9kkel\/szolg\u00e1ltat\u00e1ssal kapcsolatban.<\/p>\n<p>\u00d6nnek \u00e9s az \u00d6n \u00e1ltal bepanaszolt c\u00e9gnek lehet\u0151s\u00e9ge van ezen az online vitarendez\u00e9si platformon egy\u00fctt kiv\u00e1lasztani, hogy mely vitarendez\u00e9si test\u00fcletet b\u00edzz\u00e1k meg a panasz kezel\u00e9s\u00e9vel.<\/p>\n<p>Az online vitarendez\u00e9si platform a k\u00f6vetkez\u0151 weboldalon \u00e9rhet\u0151 el:\u00a0<a href=\"https:\/\/webgate.ec.europa.eu\/odr\/main\/?event=main.home.show&amp;lng=HU\">https:\/\/webgate.ec.europa.eu\/odr\/main\/?event=main.home.show&amp;lng=HU<\/a><\/p>\n<p>[\/et_pb_text][\/et_pb_column][\/et_pb_row][\/et_pb_section][et_pb_section fb_built=&#8221;1&#8243; _builder_version=&#8221;4.18.0&#8243; _module_preset=&#8221;default&#8221; background_color=&#8221;#F4F4F4&#8243; custom_padding=&#8221;22px||21px|||&#8221; global_colors_info=&#8221;{}&#8221;][et_pb_row _builder_version=&#8221;4.18.0&#8243; _module_preset=&#8221;default&#8221; custom_padding=&#8221;27px||39px|||&#8221; global_colors_info=&#8221;{}&#8221;][et_pb_column type=&#8221;4_4&#8243; _builder_version=&#8221;4.18.0&#8243; _module_preset=&#8221;default&#8221; global_colors_info=&#8221;{}&#8221;][et_pb_text _builder_version=&#8221;4.18.0&#8243; _module_preset=&#8221;default&#8221; global_colors_info=&#8221;{}&#8221;]<\/p>\n<h3><strong>Szerz\u0151i jogok:<\/strong><\/h3>\n<p>[\/et_pb_text][et_pb_text _builder_version=&#8221;4.18.0&#8243; _module_preset=&#8221;default&#8221; global_colors_info=&#8221;{}&#8221;]<\/p>\n<p>Jelen weboldal tartalma szerz\u0151i m\u0171nek min\u0151s\u00fcl a szerz\u0151i jogr\u00f3l sz\u00f3l\u00f3 1999. \u00e9vi LXXVI. t\u00f6rv\u00e9ny 1. \u00a7 (1) bekezd\u00e9se \u00e9rtelm\u00e9ben, szerz\u0151i jogi v\u00e9delem alatt \u00e1ll minden egyes r\u00e9sze. Tilos a weboldalunkon tal\u00e1lhat\u00f3 k\u00e9pek, sz\u00f6vegek enged\u00e9ly n\u00e9lk\u00fcli haszn\u00e1lata, tov\u00e1bb\u00e1 a weboldalunkat m\u00f3dos\u00edt\u00f3, k\u00e1rt\u00e9kony alkalmaz\u00e1sok haszn\u00e1lata, ugyanezen t\u00f6rv\u00e9ny 16. \u00a7 (1) bekezd\u00e9se szerint. Felh\u00edvjuk figyelm\u00e9t, hogy weboldalunkr\u00f3l, valamint adatb\u00e1zisunkb\u00f3l t\u00f6rt\u00e9n\u0151 anyagok, k\u00e9pek, vide\u00f3k, sz\u00f6vegek \u00e1tv\u00e9tel\u00e9re kiz\u00e1r\u00f3lag a jogtulajdonos \u00edr\u00e1sos hozz\u00e1j\u00e1rul\u00e1sa eset\u00e9n van lehet\u0151s\u00e9g, forr\u00e1smegjel\u00f6l\u00e9s felt\u00fcntet\u00e9se mellett.<\/p>\n<p>[\/et_pb_text][\/et_pb_column][\/et_pb_row][\/et_pb_section][et_pb_section fb_built=&#8221;1&#8243; _builder_version=&#8221;4.18.0&#8243; _module_preset=&#8221;default&#8221; background_color=&#8221;#F4F4F4&#8243; custom_padding=&#8221;24px||20px|||&#8221; global_colors_info=&#8221;{}&#8221;][et_pb_row _builder_version=&#8221;4.18.0&#8243; _module_preset=&#8221;default&#8221; custom_padding=&#8221;||19px|||&#8221; global_colors_info=&#8221;{}&#8221;][et_pb_column type=&#8221;4_4&#8243; _builder_version=&#8221;4.18.0&#8243; _module_preset=&#8221;default&#8221; global_colors_info=&#8221;{}&#8221;][et_pb_text _builder_version=&#8221;4.18.0&#8243; _module_preset=&#8221;default&#8221; global_colors_info=&#8221;{}&#8221;]<\/p>\n<h3><strong>R\u00e9szleges \u00e9rv\u00e9nytelens\u00e9g \u00e9s magatart\u00e1si k\u00f3dex:<\/strong><\/h3>\n<p>[\/et_pb_text][et_pb_text _builder_version=&#8221;4.18.0&#8243; _module_preset=&#8221;default&#8221; global_colors_info=&#8221;{}&#8221;]<\/p>\n<p>Abban az esetben, ha az \u00c1ltal\u00e1nos Szerz\u0151d\u00e9si Felt\u00e9telek egy pontja jogilag hi\u00e1nyos\/hat\u00e1lytalan lenne, arra a r\u00e9szre a vonatkoz\u00f3 jogszab\u00e1lyok rendelkez\u00e9sei az ir\u00e1nyad\u00f3ak. A szerz\u0151d\u00e9s t\u00f6bbi r\u00e9sze tov\u00e1bbra is \u00e9rv\u00e9nyes.<\/p>\n<p>[\/et_pb_text][\/et_pb_column][\/et_pb_row][et_pb_row _builder_version=&#8221;4.18.0&#8243; _module_preset=&#8221;default&#8221; custom_padding=&#8221;||23px|||&#8221; global_colors_info=&#8221;{}&#8221;][et_pb_column type=&#8221;4_4&#8243; _builder_version=&#8221;4.18.0&#8243; _module_preset=&#8221;default&#8221; global_colors_info=&#8221;{}&#8221;][et_pb_text _builder_version=&#8221;4.18.0&#8243; _module_preset=&#8221;default&#8221; global_colors_info=&#8221;{}&#8221;]<\/p>\n<h3><strong>Adatbeviteli hib\u00e1k jav\u00edt\u00e1sa \u00e9s felel\u0151ss\u00e9g az adatok val\u00f3s\u00e1g\u00e1\u00e9rt:<\/strong><\/h3>\n<p>[\/et_pb_text][et_pb_text _builder_version=&#8221;4.18.0&#8243; _module_preset=&#8221;default&#8221; global_colors_info=&#8221;{}&#8221;]<\/p>\n<p>A megrendel\u00e9s folyamata sor\u00e1n, a rendel\u00e9s meger\u0151s\u00edt\u00e9se el\u0151tt adott a lehet\u0151s\u00e9g a megadott adatok m\u00f3dos\u00edt\u00e1s\u00e1ra, jav\u00edt\u00e1s\u00e1ra. Az \u00d6n \u00e1ltal megadott adatok pontoss\u00e1g\u00e1\u00e9rt felel\u0151ss\u00e9get nem v\u00e1llalunk. Ezen adatok alapj\u00e1n \u00e1ll\u00edtjuk ki a sz\u00e1ml\u00e1t \u00e9s a sz\u00e1ll\u00edt\u00e1si c\u00edmk\u00e9nt megjel\u00f6lt c\u00edmre k\u00e9zbes\u00edtj\u00fck a term\u00e9ke(ke)t. Rendel\u00e9se lead\u00e1s\u00e1val \u00d6n tudom\u00e1sul veszi, hogy az Elad\u00f3 jogosult az \u00d6n \u00e1ltal hib\u00e1san megadott adatokb\u00f3l ered\u0151 k\u00e1rokat, k\u00f6lts\u00e9geket \u00d6nre h\u00e1r\u00edtani. A hib\u00e1s adatbevitel miatt meghi\u00fasult teljes\u00edt\u00e9s\u00e9rt felel\u0151ss\u00e9get nem v\u00e1llalunk.<\/p>\n<p>Abban az esetben, ha a visszaigazol\u00f3 e-mailben veszi \u00e9szre, hogy hib\u00e1s adatot adott meg, k\u00e9rj\u00fck, halad\u00e9ktalanul, 24 \u00f3r\u00e1n bel\u00fcl jelezze fel\u00e9nk.<\/p>\n<p>[\/et_pb_text][\/et_pb_column][\/et_pb_row][et_pb_row _builder_version=&#8221;4.18.0&#8243; _module_preset=&#8221;default&#8221; custom_padding=&#8221;27px||18px|||&#8221; global_colors_info=&#8221;{}&#8221;][et_pb_column type=&#8221;4_4&#8243; _builder_version=&#8221;4.18.0&#8243; _module_preset=&#8221;default&#8221; global_colors_info=&#8221;{}&#8221;][et_pb_text _builder_version=&#8221;4.18.0&#8243; _module_preset=&#8221;default&#8221; global_colors_info=&#8221;{}&#8221;]<\/p>\n<h3><strong>Rendel\u00e9s feldolgoz\u00e1sa \u00e9s a szerz\u0151d\u00e9s megk\u00f6t\u00e9se:<\/strong><\/h3>\n<p>[\/et_pb_text][et_pb_text _builder_version=&#8221;4.18.0&#8243; _module_preset=&#8221;default&#8221; global_colors_info=&#8221;{}&#8221;]<\/p>\n<p>Webshopunkon kereszt\u00fcl b\u00e1rmikor leadhatja rendel\u00e9s\u00e9t. Rendel\u00e9s\u00e9r\u0151l automatikus visszaigazol\u00e1st kap, mely rendel\u00e9se be\u00e9rkez\u00e9s\u00e9t jelenti, azonban ez a visszaigazol\u00e1s nem min\u0151s\u00fcl az \u00d6n \u00e1ltal tett aj\u00e1nlat elfogad\u00e1s\u00e1nak. Ha rendel\u00e9s\u00e9t\u0151l sz\u00e1m\u00edtva 24 \u00f3r\u00e1n bel\u00fcl nem kap automatikus visszaigazol\u00e1st e-mailben, k\u00e9rj\u00fck, jelezze fel\u00e9nk, hiszen el\u0151fordulhat technikai probl\u00e9ma, elk\u00e9pzelhet\u0151, hogy emiatt nem \u00e9rkezett meg rendszer\u00fcnkbe rendel\u00e9se.<\/p>\n<p>Egy m\u00e1sodik e-mailben igazoljuk vissza az \u00d6n aj\u00e1nlat\u00e1t, ekkor j\u00f6n l\u00e9tre a szerz\u0151d\u00e9s.<\/p>\n<p>[\/et_pb_text][\/et_pb_column][\/et_pb_row][\/et_pb_section][et_pb_section fb_built=&#8221;1&#8243; _builder_version=&#8221;4.18.0&#8243; _module_preset=&#8221;default&#8221; custom_padding=&#8221;16px||25px|||&#8221; global_colors_info=&#8221;{}&#8221;][et_pb_row _builder_version=&#8221;4.18.0&#8243; _module_preset=&#8221;default&#8221; custom_padding=&#8221;27px||16px|||&#8221; global_colors_info=&#8221;{}&#8221;][et_pb_column type=&#8221;4_4&#8243; _builder_version=&#8221;4.18.0&#8243; _module_preset=&#8221;default&#8221; global_colors_info=&#8221;{}&#8221;][et_pb_text _builder_version=&#8221;4.18.0&#8243; _module_preset=&#8221;default&#8221; global_colors_info=&#8221;{}&#8221;]<\/p>\n<h3><strong>Fizet\u00e9si m\u00f3dok:<\/strong><\/h3>\n<p>[\/et_pb_text][et_pb_text _builder_version=&#8221;4.18.0&#8243; _module_preset=&#8221;default&#8221; global_colors_info=&#8221;{}&#8221;]<\/p>\n<p><strong>Banki \u00e1tutal\u00e1s:<\/strong><\/p>\n<p>A fizet\u00e9s t\u00f6rt\u00e9nhet banki \u00e1tutal\u00e1ssal. A megrendel\u00e9s feldolgoz\u00e1s\u00e1t k\u00f6vet\u0151en koll\u00e9g\u00e1nk elk\u00fcldi \u00d6nnek az \u00e1tutal\u00e1shoz sz\u00fcks\u00e9ges adatokat. Miut\u00e1n utal\u00e1sa be\u00e9rkezett, \u00e1tadjuk csomagj\u00e1t a fut\u00e1rszolg\u00e1latnak kisz\u00e1ll\u00edt\u00e1s c\u00e9lj\u00e1b\u00f3l, vagy egyeztet\u00fcnk \u00d6nnel a szem\u00e9lyes \u00e1tv\u00e9tel m\u00f3dj\u00e1r\u00f3l \u00e9s idej\u00e9r\u0151l.<\/p>\n<p>[\/et_pb_text][\/et_pb_column][\/et_pb_row][\/et_pb_section][et_pb_section fb_built=&#8221;1&#8243; _builder_version=&#8221;4.18.0&#8243; _module_preset=&#8221;default&#8221; custom_padding=&#8221;16px||14px|||&#8221; global_colors_info=&#8221;{}&#8221;][et_pb_row _builder_version=&#8221;4.18.0&#8243; _module_preset=&#8221;default&#8221; custom_padding=&#8221;12px||18px|||&#8221; global_colors_info=&#8221;{}&#8221;][et_pb_column type=&#8221;4_4&#8243; _builder_version=&#8221;4.18.0&#8243; _module_preset=&#8221;default&#8221; global_colors_info=&#8221;{}&#8221;][et_pb_text _builder_version=&#8221;4.18.0&#8243; _module_preset=&#8221;default&#8221; global_colors_info=&#8221;{}&#8221;]<\/p>\n<h3><strong>\u00c1tv\u00e9teli m\u00f3dok:<\/strong><\/h3>\n<p>[\/et_pb_text][et_pb_text _builder_version=&#8221;4.18.0&#8243; _module_preset=&#8221;default&#8221; global_colors_info=&#8221;{}&#8221;]<\/p>\n<p><strong>MPL fut\u00e1rszolg\u00e1lat:<\/strong><\/p>\n<p>H\u00e1zhozsz\u00e1ll\u00edt\u00e1s eset\u00e9n \u00e9rv\u00e9nyes sz\u00e1ll\u00edt\u00e1si d\u00edjak. Sz\u00e1ll\u00edt\u00e1si id\u0151: felad\u00e1st\u00f3l sz\u00e1m\u00edtott 1-2 munkanap.<\/p>\n<p><strong>Telephely\u00fcnk\u00f6n, a gy\u00e1rt\u00e1st k\u00f6vet\u0151en lehet\u0151s\u00e9ge van a megrendelt term\u00e9kek saj\u00e1t j\u00e1rm\u0171vel val\u00f3 elsz\u00e1ll\u00edt\u00e1s\u00e1ra (szem\u00e9lyes \u00e1tv\u00e9tel).<\/strong><\/p>\n<p>Ennek id\u0151pontj\u00e1r\u00f3l \u00e9s lehet\u0151s\u00e9geir\u0151l vegye fel el\u00e9rhet\u0151s\u00e9geink egyik\u00e9n a kapcsolatot!<\/p>\n<p>[\/et_pb_text][\/et_pb_column][\/et_pb_row][\/et_pb_section][et_pb_section fb_built=&#8221;1&#8243; _builder_version=&#8221;4.18.0&#8243; _module_preset=&#8221;default&#8221; custom_padding=&#8221;19px||16px|||&#8221; global_colors_info=&#8221;{}&#8221;][et_pb_row _builder_version=&#8221;4.18.0&#8243; _module_preset=&#8221;default&#8221; custom_padding=&#8221;15px||26px|||&#8221; global_colors_info=&#8221;{}&#8221;][et_pb_column type=&#8221;4_4&#8243; _builder_version=&#8221;4.18.0&#8243; _module_preset=&#8221;default&#8221; global_colors_info=&#8221;{}&#8221;][et_pb_text _builder_version=&#8221;4.18.0&#8243; _module_preset=&#8221;default&#8221; global_colors_info=&#8221;{}&#8221;]<\/p>\n<h3><strong>Teljes\u00edt\u00e9si hat\u00e1rid\u0151:<\/strong><\/h3>\n<p>[\/et_pb_text][et_pb_text _builder_version=&#8221;4.18.0&#8243; _module_preset=&#8221;default&#8221; global_colors_info=&#8221;{}&#8221;]<\/p>\n<p>A teljes\u00edt\u00e9si hat\u00e1rid\u0151 a megrendel\u00e9s visszaigazol\u00e1s\u00e1t\u00f3l sz\u00e1m\u00edtva 10-15 munkanap. Az ezen hat\u00e1rid\u0151t\u0151l val\u00f3 elt\u00e9r\u00e9st e-mailben jelezz\u00fck.<\/p>\n<p>[\/et_pb_text][\/et_pb_column][\/et_pb_row][\/et_pb_section][et_pb_section fb_built=&#8221;1&#8243; _builder_version=&#8221;4.18.0&#8243; _module_preset=&#8221;default&#8221; custom_padding=&#8221;14px||14px|||&#8221; global_colors_info=&#8221;{}&#8221;][et_pb_row _builder_version=&#8221;4.18.0&#8243; _module_preset=&#8221;default&#8221; custom_padding=&#8221;16px||22px|||&#8221; global_colors_info=&#8221;{}&#8221;][et_pb_column type=&#8221;4_4&#8243; _builder_version=&#8221;4.18.0&#8243; _module_preset=&#8221;default&#8221; global_colors_info=&#8221;{}&#8221;][et_pb_text _builder_version=&#8221;4.18.0&#8243; _module_preset=&#8221;default&#8221; global_colors_info=&#8221;{}&#8221;]<\/p>\n<h3><strong>Jogfenntart\u00e1s \u00e9s kik\u00f6t\u00e9s:<\/strong><\/h3>\n<p>[\/et_pb_text][et_pb_text _builder_version=&#8221;4.18.0&#8243; _module_preset=&#8221;default&#8221; global_colors_info=&#8221;{}&#8221;]<\/p>\n<p>Ha \u00d6n kor\u00e1bban rendelt t\u0151l\u00fcnk term\u00e9ket, de azt kisz\u00e1ll\u00edt\u00e1skor nem vette \u00e1t (kiv\u00e9ve azon esetet, melyben el\u00e1ll\u00e1si jog\u00e1val \u00e9lt), illetve a csomag \u201eNem kereste\u201d jelz\u00e9ssel visszaj\u00f6tt hozz\u00e1nk, csak abban az esetben v\u00e1llaljuk a megrendel\u00e9s teljes\u00edt\u00e9s\u00e9t, amennyiben a v\u00e9tel\u00e1rat \u00e9s sz\u00e1ll\u00edt\u00e1si k\u00f6lts\u00e9get el\u0151re kifizeti.<\/p>\n<p>[\/et_pb_text][\/et_pb_column][\/et_pb_row][\/et_pb_section][et_pb_section fb_built=&#8221;1&#8243; _builder_version=&#8221;4.18.0&#8243; _module_preset=&#8221;default&#8221; background_color=&#8221;#F4F4F4&#8243; custom_padding=&#8221;13px||17px|||&#8221; global_colors_info=&#8221;{}&#8221;][et_pb_row _builder_version=&#8221;4.18.0&#8243; _module_preset=&#8221;default&#8221; custom_padding=&#8221;||25px|||&#8221; global_colors_info=&#8221;{}&#8221;][et_pb_column type=&#8221;4_4&#8243; _builder_version=&#8221;4.18.0&#8243; _module_preset=&#8221;default&#8221; global_colors_info=&#8221;{}&#8221;][et_pb_text _builder_version=&#8221;4.18.0&#8243; _module_preset=&#8221;default&#8221; global_colors_info=&#8221;{}&#8221;]<\/p>\n<h3><strong>Fogyaszt\u00f3i t\u00e1j\u00e9koztat\u00f3 a 45\/2014. (II. 26.) Korm. rendelet alapj\u00e1n:<\/strong><\/h3>\n<p>[\/et_pb_text][et_pb_text _builder_version=&#8221;4.18.0&#8243; _module_preset=&#8221;default&#8221; global_colors_info=&#8221;{}&#8221;]<\/p>\n<p><strong>T\u00e1j\u00e9koztat\u00e1s a Fogyaszt\u00f3t megillet\u0151 el\u00e1ll\u00e1si jogr\u00f3l:<\/strong><\/p>\n<p>Fogyaszt\u00f3nak a Ptk. 8:1. \u00a7 1. bekezd\u00e9s 3. pontja alapj\u00e1n kiz\u00e1r\u00f3lag a szakm\u00e1ja, \u00f6n\u00e1ll\u00f3 foglalkoz\u00e1sa, \u00fczleti tev\u00e9kenys\u00e9ge k\u00f6r\u00e9n k\u00edv\u00fcl elj\u00e1r\u00f3 term\u00e9szetes szem\u00e9ly min\u0151s\u00fcl.<\/p>\n<p><strong>\u00d6n k\u00f6zvetlen\u00fcl a gy\u00e1rt\u00f3t\u00f3l v\u00e1s\u00e1rol.<\/strong><\/p>\n<p>Amennyiben a szerz\u0151d\u00e9s megk\u00f6t\u00e9s\u00e9re a Fogyaszt\u00f3 tett aj\u00e1nlatot, megilleti \u0151t a szerz\u0151d\u00e9s megk\u00f6t\u00e9se el\u0151tt az aj\u00e1nlat visszavon\u00e1s\u00e1nak joga, mely megsz\u00fcnteti a szerz\u0151d\u00e9s megk\u00f6t\u00e9s\u00e9re ir\u00e1nyul\u00f3 aj\u00e1nlati k\u00f6t\u00f6tts\u00e9get.<\/p>\n<p><strong>El\u00e1ll\u00e1si jog a k\u00f6vetkez\u0151 esetekben nem gyakorolhat\u00f3:<\/strong><\/p>\n<p>Felh\u00edvjuk figyelm\u00e9t, hogy \u00d6n nem gyakorolhatja el\u00e1ll\u00e1si jog\u00e1t a 45\/2014 (II.26.) Korm. Rendelet 29. \u00a7. (1) bekezd\u00e9s\u00e9ben foglalt esetekben:<\/p>\n<ol>\n<li>a szolg\u00e1ltat\u00e1s ny\u00fajt\u00e1s\u00e1ra ir\u00e1nyul\u00f3 szerz\u0151d\u00e9s eset\u00e9ben a szolg\u00e1ltat\u00e1s eg\u00e9sz\u00e9nek teljes\u00edt\u00e9s\u00e9t k\u00f6vet\u0151en, ha a v\u00e1llalkoz\u00e1s a teljes\u00edt\u00e9st a fogyaszt\u00f3 kifejezett, el\u0151zetes beleegyez\u00e9s\u00e9vel kezdte meg, \u00e9s a fogyaszt\u00f3 tudom\u00e1sul vette, hogy a szolg\u00e1ltat\u00e1s eg\u00e9sz\u00e9nek teljes\u00edt\u00e9s\u00e9t k\u00f6vet\u0151en felmond\u00e1si jog\u00e1t elvesz\u00edti;<\/li>\n<li>olyan term\u00e9k vagy szolg\u00e1ltat\u00e1s tekintet\u00e9ben, amelynek \u00e1ra, illetve d\u00edja a p\u00e9nzpiac v\u00e1llalkoz\u00e1s \u00e1ltal nem befoly\u00e1solhat\u00f3, a 20. \u00a7 (2) bekezd\u00e9s\u00e9ben meghat\u00e1rozott hat\u00e1rid\u0151 alatt is lehets\u00e9ges ingadoz\u00e1s\u00e1t\u00f3l f\u00fcgg;<\/li>\n<li>olyan nem el\u0151re gy\u00e1rtott term\u00e9k eset\u00e9ben, amelyet a fogyaszt\u00f3 utas\u00edt\u00e1sa alapj\u00e1n vagy kifejezett k\u00e9r\u00e9s\u00e9re \u00e1ll\u00edtottak el\u0151, vagy olyan term\u00e9k eset\u00e9ben, amelyet egy\u00e9rtelm\u0171en a fogyaszt\u00f3 szem\u00e9ly\u00e9re szabtak;<\/li>\n<li>romland\u00f3 vagy min\u0151s\u00e9g\u00e9t r\u00f6vid ideig meg\u0151rz\u0151 term\u00e9k tekintet\u00e9ben;<\/li>\n<li>olyan z\u00e1rt csomagol\u00e1s\u00fa term\u00e9k tekintet\u00e9ben, amely eg\u00e9szs\u00e9gv\u00e9delmi vagy higi\u00e9niai okokb\u00f3l az \u00e1tad\u00e1st k\u00f6vet\u0151 felbont\u00e1sa ut\u00e1n nem k\u00fcldhet\u0151 vissza;<\/li>\n<li>olyan term\u00e9k tekintet\u00e9ben, amely jelleg\u00e9n\u00e9l fogva az \u00e1tad\u00e1st k\u00f6vet\u0151en elv\u00e1laszthatatlanul vegy\u00fcl m\u00e1s term\u00e9kkel;<\/li>\n<li>olyan alkoholtartalm\u00fa ital tekintet\u00e9ben, amelynek t\u00e9nyleges \u00e9rt\u00e9ke a v\u00e1llalkoz\u00e1s \u00e1ltal nem befoly\u00e1solhat\u00f3 m\u00f3don a piaci ingadoz\u00e1sokt\u00f3l f\u00fcgg, \u00e9s amelynek \u00e1r\u00e1r\u00f3l a felek az ad\u00e1sv\u00e9teli szerz\u0151d\u00e9s megk\u00f6t\u00e9sekor \u00e1llapodtak meg, azonban a szerz\u0151d\u00e9s teljes\u00edt\u00e9s\u00e9re csak a megk\u00f6t\u00e9st\u0151l sz\u00e1m\u00edtott harmincadik napot k\u00f6vet\u0151en ker\u00fcl sor;<\/li>\n<li>lez\u00e1rt csomagol\u00e1s\u00fa hang-, illetve k\u00e9pfelv\u00e9tel, valamint sz\u00e1m\u00edt\u00f3g\u00e9pes szoftver p\u00e9ld\u00e1ny\u00e1nak ad\u00e1sv\u00e9tele tekintet\u00e9ben, ha az \u00e1tad\u00e1st k\u00f6vet\u0151en a fogyaszt\u00f3 a csomagol\u00e1st felbontotta;<\/li>\n<li>h\u00edrlap, foly\u00f3irat \u00e9s id\u0151szaki lap tekintet\u00e9ben, az el\u0151fizet\u00e9ses szerz\u0151d\u00e9sek kiv\u00e9tel\u00e9vel;<\/li>\n<li>nyilv\u00e1nos \u00e1rver\u00e9sen megk\u00f6t\u00f6tt szerz\u0151d\u00e9sek eset\u00e9ben;<\/li>\n<li>lak\u00e1sc\u00e9l\u00fa szolg\u00e1ltat\u00e1s kiv\u00e9tel\u00e9vel sz\u00e1ll\u00e1sny\u00fajt\u00e1sra ir\u00e1nyul\u00f3 szerz\u0151d\u00e9s, fuvaroz\u00e1s, szem\u00e9lyg\u00e9pj\u00e1rm\u0171-k\u00f6lcs\u00f6nz\u00e9s, \u00e9tkeztet\u00e9s vagy szabadid\u0151s tev\u00e9kenys\u00e9gekhez kapcsol\u00f3d\u00f3 szolg\u00e1ltat\u00e1sra ir\u00e1nyul\u00f3 szerz\u0151d\u00e9s eset\u00e9ben, ha a szerz\u0151d\u00e9sben meghat\u00e1rozott teljes\u00edt\u00e9si hat\u00e1rnapot vagy hat\u00e1rid\u0151t k\u00f6t\u00f6ttek ki;<\/li>\n<li>a nem t\u00e1rgyi adathordoz\u00f3n ny\u00fajtott digit\u00e1lis adattartalom tekintet\u00e9ben, ha a v\u00e1llalkoz\u00e1s a fogyaszt\u00f3 kifejezett, el\u0151zetes beleegyez\u00e9s\u00e9vel kezdte meg a teljes\u00edt\u00e9st, \u00e9s a fogyaszt\u00f3 e beleegyez\u00e9s\u00e9vel egyidej\u0171leg nyilatkozott annak tudom\u00e1sul v\u00e9tel\u00e9r\u0151l, hogy a teljes\u00edt\u00e9s megkezd\u00e9s\u00e9t k\u00f6vet\u0151en elvesz\u00edti a 20. \u00a7 szerinti jog\u00e1t.<\/li>\n<\/ol>\n<p>[\/et_pb_text][\/et_pb_column][\/et_pb_row][\/et_pb_section][et_pb_section fb_built=&#8221;1&#8243; _builder_version=&#8221;4.18.0&#8243; _module_preset=&#8221;default&#8221; custom_padding=&#8221;19px||16px|||&#8221; global_colors_info=&#8221;{}&#8221;][et_pb_row _builder_version=&#8221;4.18.0&#8243; _module_preset=&#8221;default&#8221; custom_padding=&#8221;28px||18px|||&#8221; global_colors_info=&#8221;{}&#8221;][et_pb_column type=&#8221;4_4&#8243; _builder_version=&#8221;4.18.0&#8243; _module_preset=&#8221;default&#8221; global_colors_info=&#8221;{}&#8221;][et_pb_text _builder_version=&#8221;4.18.0&#8243; _module_preset=&#8221;default&#8221; global_colors_info=&#8221;{}&#8221;]<\/p>\n<h3><strong>Kell\u00e9kszavatoss\u00e1g:<\/strong><\/h3>\n<p>[\/et_pb_text][et_pb_text _builder_version=&#8221;4.18.0&#8243; _module_preset=&#8221;default&#8221; global_colors_info=&#8221;{}&#8221;]<\/p>\n<p><strong>Kell\u00e9kszavatoss\u00e1g, term\u00e9kszavatoss\u00e1g, j\u00f3t\u00e1ll\u00e1s:<\/strong><\/p>\n<p>A Fogyaszt\u00f3i t\u00e1j\u00e9koztat\u00f3 ezen pontja a 45\/2014 (II.26.) Korm. rendelet 9. \u00a7 (3) bekezd\u00e9se felhatalmaz\u00e1sa alapj\u00e1n a 45\/2014 (II.26.) Korm. rendelet 3. sz\u00e1m\u00fa mell\u00e9klete alkalmaz\u00e1s\u00e1val k\u00e9sz\u00fclt.<\/p>\n<p><strong>Milyen jogok illetik meg \u00d6nt kell\u00e9kszavatoss\u00e1gi ig\u00e9nye alapj\u00e1n?<\/strong><\/p>\n<p>K\u00e9rheti a term\u00e9k jav\u00edt\u00e1s\u00e1t vagy cser\u00e9j\u00e9t, kiv\u00e9ve, ha az \u00d6n \u00e1ltal v\u00e1lasztott lehet\u0151s\u00e9g teljes\u00edt\u00e9se lehetetlen vagy az Elad\u00f3 sz\u00e1m\u00e1ra ar\u00e1nytalan t\u00f6bbletk\u00f6lts\u00e9ggel j\u00e1rna.<\/p>\n<p><strong>Milyen hat\u00e1rid\u0151ben \u00e9rv\u00e9nyes\u00edtheti \u00d6n kell\u00e9kszavatoss\u00e1gi ig\u00e9ny\u00e9t?<\/strong><\/p>\n<p>Az \u00d6n k\u00f6teless\u00e9ge a hib\u00e1t annak felfedez\u00e9s\u00e9t k\u00f6vet\u0151en halad\u00e9ktalanul, legk\u00e9s\u0151bb 2 h\u00f3napon bel\u00fcl jelezni. A szerz\u0151d\u00e9s teljes\u00edt\u00e9s\u00e9t\u0151l sz\u00e1m\u00edtott 2 \u00e9ves el\u00e9v\u00fcl\u00e9si hat\u00e1rid\u0151n t\u00fal kell\u00e9kszavatoss\u00e1gi jogait nem \u00e9rv\u00e9nyes\u00edtheti.<\/p>\n<p><strong>Milyen egy\u00e9b felt\u00e9tele van kell\u00e9kszavatoss\u00e1gi jogai \u00e9rv\u00e9nyes\u00edt\u00e9s\u00e9nek?<\/strong><\/p>\n<p>A teljes\u00edt\u00e9st\u0151l sz\u00e1m\u00edtott 6 h\u00f3napon bel\u00fcl kell\u00e9kszavatoss\u00e1gi ig\u00e9nye \u00e9rv\u00e9nyes\u00edt\u00e9s\u00e9nek a hiba k\u00f6zl\u00e9s\u00e9n t\u00fal nincs egy\u00e9b felt\u00e9tele, ha \u00d6n igazolja, hogy a term\u00e9ket, illetve a szolg\u00e1ltat\u00e1st c\u00e9g\u00fcnk ny\u00fajtotta. A teljes\u00edt\u00e9st\u0151l sz\u00e1m\u00edtott 6 h\u00f3nap letelt\u00e9t k\u00f6vet\u0151en viszont \u00d6nnek kell bizony\u00edtani, hogy a hiba m\u00e1r a teljes\u00edt\u00e9s id\u0151pontj\u00e1ban is megvolt.<\/p>\n<p>[\/et_pb_text][\/et_pb_column][\/et_pb_row][\/et_pb_section][et_pb_section fb_built=&#8221;1&#8243; _builder_version=&#8221;4.18.0&#8243; _module_preset=&#8221;default&#8221; custom_padding=&#8221;12px||16px|||&#8221; global_colors_info=&#8221;{}&#8221;][et_pb_row _builder_version=&#8221;4.18.0&#8243; _module_preset=&#8221;default&#8221; custom_padding=&#8221;23px||20px|||&#8221; global_colors_info=&#8221;{}&#8221;][et_pb_column type=&#8221;4_4&#8243; _builder_version=&#8221;4.18.0&#8243; _module_preset=&#8221;default&#8221; global_colors_info=&#8221;{}&#8221;][et_pb_text _builder_version=&#8221;4.18.0&#8243; _module_preset=&#8221;default&#8221; global_colors_info=&#8221;{}&#8221;]<\/p>\n<h3><strong>Term\u00e9kszavatoss\u00e1g:<\/strong><\/h3>\n<p>[\/et_pb_text][et_pb_text _builder_version=&#8221;4.18.0&#8243; _module_preset=&#8221;default&#8221; global_colors_info=&#8221;{}&#8221;]<\/p>\n<p><strong>Milyen esetben \u00e9lhet \u00d6n term\u00e9kszavatoss\u00e1gi jog\u00e1val?<\/strong><\/p>\n<p>A term\u00e9k hib\u00e1ja eset\u00e9n v\u00e1laszt\u00e1sa szerint \u00d6n kell\u00e9kszavatoss\u00e1gi vagy term\u00e9kszavatoss\u00e1gi ig\u00e9ny\u00e9t \u00e9rv\u00e9nyes\u00edtheti.<\/p>\n<p><strong>Milyen jogok illetik meg \u00d6nt term\u00e9kszavatoss\u00e1gi ig\u00e9nye alapj\u00e1n?<\/strong><\/p>\n<p>Term\u00e9kszavatoss\u00e1gi ig\u00e9nyk\u00e9nt \u00d6n kiz\u00e1r\u00f3lag a hib\u00e1s term\u00e9k kijav\u00edt\u00e1s\u00e1t vagy kicser\u00e9l\u00e9s\u00e9t k\u00e9rheti.<\/p>\n<p><strong>Milyen esetben min\u0151s\u00fcl a term\u00e9k hib\u00e1snak?<\/strong><\/p>\n<p>A term\u00e9k hib\u00e1s, ha a forgalomba hozatalakor hat\u00e1lyos min\u0151s\u00e9gi k\u00f6vetelm\u00e9nyeknek nem felel meg vagy ha nem rendelkezik a gy\u00e1rt\u00f3 \u00e1ltal adott le\u00edr\u00e1sban szerepl\u0151 tulajdons\u00e1gokkal.<\/p>\n<p><strong>Milyen hat\u00e1rid\u0151ben \u00e9rv\u00e9nyes\u00edtheti \u00d6n term\u00e9kszavatoss\u00e1gi ig\u00e9ny\u00e9t?<\/strong><\/p>\n<p>\u00d6n term\u00e9kszavatoss\u00e1gi ig\u00e9ny\u00e9t a term\u00e9k gy\u00e1rt\u00f3 \u00e1ltali forgalomba hozatal\u00e1t\u00f3l sz\u00e1m\u00edtott 2 \u00e9ven bel\u00fcl \u00e9rv\u00e9nyes\u00edtheti. E hat\u00e1rid\u0151 eltelt\u00e9vel e jogosults\u00e1g\u00e1t elveszti.<\/p>\n<p><strong>Kivel szemben \u00e9s milyen egy\u00e9b felt\u00e9tellel \u00e9rv\u00e9nyes\u00edtheti term\u00e9kszavatoss\u00e1gi ig\u00e9ny\u00e9t?<\/strong><\/p>\n<p>Term\u00e9kszavatoss\u00e1gi ig\u00e9ny\u00e9t csakis az ing\u00f3 dolog gy\u00e1rt\u00f3j\u00e1val\/forgalmaz\u00f3j\u00e1val szemben gyakorolhatja. \u00d6nnek kell bizony\u00edtania a term\u00e9k hib\u00e1j\u00e1t term\u00e9kszavatoss\u00e1gi ig\u00e9ny \u00e9rv\u00e9nyes\u00edt\u00e9se eset\u00e9n.<\/p>\n<p><strong>Milyen esetben mentes\u00fcl a gy\u00e1rt\u00f3\/forgalmaz\u00f3 term\u00e9kszavatoss\u00e1gi k\u00f6telezetts\u00e9ge al\u00f3l?<\/strong><\/p>\n<p>A gy\u00e1rt\u00f3\/forgalmaz\u00f3 kiz\u00e1r\u00f3lag akkor mentes\u00fcl term\u00e9kszavatoss\u00e1gi k\u00f6telezetts\u00e9ge al\u00f3l, ha bizony\u00edtani tudja, hogy:<\/p>\n<ul>\n<li>A hiba a tudom\u00e1ny \u00e9s technika \u00e1ll\u00e1sa szerint a forgalomba hozatal id\u0151pontj\u00e1ban nem volt felismerhet\u0151<\/li>\n<li>A term\u00e9k hib\u00e1ja jogszab\u00e1ly vagy k\u00f6telez\u0151 hat\u00f3s\u00e1gi el\u0151\u00edr\u00e1s alkalmaz\u00e1s\u00e1b\u00f3l ered<\/li>\n<li>A term\u00e9ket nem \u00fczleti tev\u00e9kenys\u00e9ge k\u00f6r\u00e9ben gy\u00e1rtotta, illetve hozta forgalomba<\/li>\n<\/ul>\n<p>A gy\u00e1rt\u00f3nak\/forgalmaz\u00f3nak a mentes\u00fcl\u00e9shez elegend\u0151 1 okot bizony\u00edtania.<\/p>\n<p>K\u00e9rj\u00fck, vegye figyelembe, hogy ugyanazon hiba miatt kell\u00e9kszavatoss\u00e1gi \u00e9s term\u00e9kszavatoss\u00e1gi ig\u00e9nyt egyszerre, p\u00e1rhuzamosan nem \u00e9rv\u00e9nyes\u00edthet. Term\u00e9kszavatoss\u00e1gi ig\u00e9ny eredm\u00e9nyes \u00e9rv\u00e9nyes\u00edt\u00e9se eset\u00e9n azonban a kicser\u00e9lt term\u00e9kre\/kijav\u00edtott r\u00e9szre vonatkoz\u00f3an \u00e9rv\u00e9nyes\u00edtheti kell\u00e9kszavatoss\u00e1gi ig\u00e9ny\u00e9t a gy\u00e1rt\u00f3val szemben.<\/p>\n<p>[\/et_pb_text][\/et_pb_column][\/et_pb_row][\/et_pb_section][et_pb_section fb_built=&#8221;1&#8243; _builder_version=&#8221;4.18.0&#8243; _module_preset=&#8221;default&#8221; custom_padding=&#8221;19px||22px|||&#8221; global_colors_info=&#8221;{}&#8221;][et_pb_row _builder_version=&#8221;4.18.0&#8243; _module_preset=&#8221;default&#8221; custom_padding=&#8221;25px||25px|||&#8221; global_colors_info=&#8221;{}&#8221;][et_pb_column type=&#8221;4_4&#8243; _builder_version=&#8221;4.18.0&#8243; _module_preset=&#8221;default&#8221; global_colors_info=&#8221;{}&#8221;][et_pb_text _builder_version=&#8221;4.18.0&#8243; _module_preset=&#8221;default&#8221; global_colors_info=&#8221;{}&#8221;]<\/p>\n<h3><strong>J\u00f3t\u00e1ll\u00e1s:<\/strong><\/h3>\n<p>[\/et_pb_text][et_pb_text _builder_version=&#8221;4.18.0&#8243; _module_preset=&#8221;default&#8221; global_colors_info=&#8221;{}&#8221;]<\/p>\n<p><strong>Milyen esetben \u00e9lhet \u00d6n j\u00f3t\u00e1ll\u00e1si jog\u00e1val?<\/strong><\/p>\n<p>Hib\u00e1s teljes\u00edt\u00e9s fenn\u00e1ll\u00e1sa eset\u00e9n a tart\u00f3s fogyaszt\u00e1si cikkekre vonatkoz\u00f3 k\u00f6telez\u0151 j\u00f3t\u00e1ll\u00e1sr\u00f3l sz\u00f3l\u00f3 151\/2003. (IX. 22.) Korm. rendelet\u00a0alapj\u00e1n az Elad\u00f3 j\u00f3t\u00e1ll\u00e1sra k\u00f6teles.<\/p>\n<p>Jogszab\u00e1ly \u00edrja el\u0151 a j\u00f3t\u00e1ll\u00e1s biztos\u00edt\u00e1s\u00e1t a tart\u00f3s fogyaszt\u00e1si cikkek, mint a m\u0171szaki cikkek, g\u00e9pek, szersz\u00e1mok eset\u00e9n, melyek v\u00e9tel\u00e1ra meghaladja a 10.000 Ft-ot.<\/p>\n<p><strong>Milyen jogok \u00e9s milyen hat\u00e1rid\u0151n bel\u00fcl illetik meg \u00d6nt a j\u00f3t\u00e1ll\u00e1s alapj\u00e1n?<\/strong><\/p>\n<p>A tart\u00f3s fogyaszt\u00e1si cikkekre vonatkoz\u00f3 k\u00f6telez\u0151 j\u00f3t\u00e1ll\u00e1sr\u00f3l sz\u00f3l\u00f3 151\/2003. (IX. 22.) Korm. rendelet meghat\u00e1rozza a k\u00f6telez\u0151 j\u00f3t\u00e1ll\u00e1s eseteit. Az ezen k\u00edv\u00fcl es\u0151 term\u00e9kek eset\u00e9n C\u00e9g\u00fcnk nem v\u00e1llal j\u00f3t\u00e1ll\u00e1st. J\u00f3t\u00e1ll\u00e1si ig\u00e9nyt a j\u00f3t\u00e1ll\u00e1si hat\u00e1rid\u0151n bel\u00fcl lehet \u00e9rv\u00e9nyes\u00edteni. Ha a j\u00f3t\u00e1ll\u00e1sra k\u00f6telezett k\u00f6telezetts\u00e9g\u00e9nek a jogosult felh\u00edv\u00e1s\u00e1ra megfelel\u0151 hat\u00e1rid\u0151n bel\u00fcl nem tesz eleget, a j\u00f3t\u00e1ll\u00e1si ig\u00e9ny a felh\u00edv\u00e1sban kijel\u00f6lt hat\u00e1rid\u0151 eltelt\u00e9t\u0151l sz\u00e1m\u00edtott 3 h\u00f3napon bel\u00fcl akkor is \u00e9rv\u00e9nyes\u00edthet\u0151 b\u00edr\u00f3s\u00e1g el\u0151tt, ha a j\u00f3t\u00e1ll\u00e1si id\u0151 m\u00e1r lej\u00e1rt. E hat\u00e1rid\u0151 elmulaszt\u00e1sa jogveszt\u00e9ssel j\u00e1r. A j\u00f3t\u00e1ll\u00e1si ig\u00e9ny \u00e9rv\u00e9nyes\u00edt\u00e9s\u00e9re a kell\u00e9kszavatoss\u00e1gi jogok gyakorl\u00e1s\u00e1ra vonatkoz\u00f3 szab\u00e1lyokat sz\u00fcks\u00e9ges alkalmazni. A j\u00f3t\u00e1ll\u00e1s id\u0151tartama 1 \u00e9v. E hat\u00e1rid\u0151 elmulaszt\u00e1sa jogveszt\u00e9ssel j\u00e1r. A j\u00f3t\u00e1ll\u00e1si hat\u00e1rid\u0151 a fogyaszt\u00e1si cikk Fogyaszt\u00f3 r\u00e9sz\u00e9re t\u00f6rt\u00e9n\u0151 \u00e1tad\u00e1sa vagy az \u00fczembe helyez\u00e9s (amennyiben azt az Elad\u00f3 v\u00e9gzi), napj\u00e1val kezd\u0151dik. Az egy \u00e9ven t\u00fali j\u00f3t\u00e1ll\u00e1ssal kapcsolatos \u00fcgyekben k\u00e9rj\u00fck, forduljon a gy\u00e1rt\u00f3hoz!<\/p>\n<p><strong>H\u00e1rom munkanapon bel\u00fcli csereig\u00e9ny:<\/strong><\/p>\n<p>Web\u00e1ruh\u00e1zunkban t\u00f6rt\u00e9nt v\u00e1s\u00e1rl\u00e1s eset\u00e9n megilleti \u00d6nt a 3 munkanapon bel\u00fcli term\u00e9kcsere joga. 3 munkanapon bel\u00fcli csereig\u00e9nyt a 151\/2003. (IX. 22.) Korm. rendelet hat\u00e1lya al\u00e1 tartoz\u00f3 tart\u00f3s fogyaszt\u00e1si cikkek eset\u00e9n \u00e9rv\u00e9nyes\u00edthet, mely szerint, ha 3 munkanapon bel\u00fcl \u00e9rv\u00e9nyes\u00edti csereig\u00e9ny\u00e9t, az Elad\u00f3nak \u00fagy kell \u00e9rtelmeznie, hogy a term\u00e9k elad\u00e1skor m\u00e1r hib\u00e1s volt \u00e9s minden tov\u00e1bbi n\u00e9lk\u00fcl a term\u00e9ket ki kell cser\u00e9lnie.<\/p>\n<p><strong>Mikor mentes\u00fcl az Elad\u00f3 j\u00f3t\u00e1ll\u00e1si k\u00f6telezetts\u00e9ge al\u00f3l?<\/strong><\/p>\n<p>Az Elad\u00f3 j\u00f3t\u00e1ll\u00e1si k\u00f6telezetts\u00e9ge al\u00f3l kiz\u00e1r\u00f3lag akkor mentes\u00fcl, ha bizony\u00edtja, hogy a hiba oka a teljes\u00edt\u00e9s ut\u00e1n keletkezett.<\/p>\n<p>K\u00e9rj\u00fck, vegye figyelembe, hogy ugyanazon hiba miatt kell\u00e9kszavatoss\u00e1gi \u00e9s j\u00f3t\u00e1ll\u00e1si ig\u00e9nyt, illetve term\u00e9kszavatoss\u00e1gi \u00e9s j\u00f3t\u00e1ll\u00e1si ig\u00e9nyt egyszerre, p\u00e1rhuzamosan nem \u00e9rv\u00e9nyes\u00edthet.<\/p>\n<p>[\/et_pb_text][et_pb_text _builder_version=&#8221;4.18.0&#8243; _module_preset=&#8221;default&#8221; global_colors_info=&#8221;{}&#8221;]<\/p>\n<h3><strong>A v\u00e1s\u00e1rl\u00e1s menete:<\/strong><\/h3>\n<p>[\/et_pb_text][et_pb_text _builder_version=&#8221;4.18.0&#8243; _module_preset=&#8221;default&#8221; global_colors_info=&#8221;{}&#8221;]<\/p>\n<p>A v\u00e1s\u00e1rl\u00e1s menete sor\u00e1n a csillaggal jel\u00f6lt adatbeviteli mez\u0151k kit\u00f6lt\u00e9se k\u00f6telez\u0151.<\/p>\n<p>1. A term\u00e9k adatlapj\u00e1n az esetlegesn sz\u00ednvari\u00e1ci\u00f3 kiv\u00e1laszt\u00e1sa \u00e9s a mennyis\u00e9g megad\u00e1sa ut\u00e1n kattintson a \u201cKos\u00e1rba teszem\u201d gombra! Amikor a term\u00e9k a Kos\u00e1rba beleker\u00fcl megtekintheti annak tartalm\u00e1t. Amennyiben v\u00e1ltoztatni szeretne a mennyis\u00e9gen, \u00edrja be a megfelel\u0151 sz\u00e1mot a mennyis\u00e9g mez\u0151be, majd kattintson a \u201cKos\u00e1r Friss\u00edt\u00e9se\u201d gombra. A kos\u00e1rban a term\u00e9keket t\u00f6r\u00f6lheti a term\u00e9k melletti \u201cX\u201d gombbal.<\/p>\n<p>2. Amennyiben a Kos\u00e1r men\u00fcben r\u00e1kattint a term\u00e9k nev\u00e9re, visszaker\u00fcl az im\u00e9nti term\u00e9k adatlapj\u00e1ra.<\/p>\n<p>3. J\u00e1rjon el az 1-es pontban le\u00edrtak szerint minden megv\u00e1s\u00e1rolni k\u00edv\u00e1nt term\u00e9k eset\u00e9ben.<\/p>\n<p>4. A kos\u00e1rban tal\u00e1lhat\u00f3 \u201cTov\u00e1bb a p\u00e9nzt\u00e1rhoz\u201d gombra kattintva haladhat tov\u00e1bb a megrendel\u00e9s folyamat\u00e1ban. Amennyiben m\u00e1r regisztr\u00e1lt \u00e9s bel\u00e9pett felhaszn\u00e1l\u00f3nk egyb\u0151l az adatok ellen\u0151rz\u00e9s\u00e9hez ker\u00fcl, ellenkez\u0151 esetben a megrendel\u00e9s teljes\u00edt\u00e9se lehet\u0151s\u00e9g\u00e9nek biztos\u00edt\u00e1sa \u00e9rdek\u00e9ben ki kell t\u00f6lteni a szem\u00e9lyes vagy c\u00e9ges, illetve sz\u00e1ll\u00edt\u00e1si adatokat. Az adatok kit\u00f6lt\u00e9se\/ellen\u0151rz\u00e9se ut\u00e1n kattintson a \u201cMegrendel\u00e9s elk\u00fcld\u00e9se\u201d gombra.<\/p>\n<p>5. A megrendel\u00e9s lead\u00e1snak utols\u00f3 l\u00e9p\u00e9sek\u00e9nt k\u00e9rj\u00fck olvassa el figyelmesen az Adatkezel\u00e9si t\u00e1j\u00e9koztat\u00f3t \u00e9s az \u00c1ltal\u00e1nos Szerz\u0151d\u00e9si Felt\u00e9teleket, majd ha egyet\u00e9rt a benne foglaltakkal, jel\u00f6lje be a jel\u00f6l\u0151n\u00e9gyzetet.<\/p>\n<p>6. A rendel\u00e9sr\u0151l a rendszer egy automatikus e-mailben t\u00e1j\u00e9koztatja.<\/p>\n<p>7. Kisz\u00e1ll\u00edt\u00e1s eset\u00e9n a rendel\u00e9s feldolgoz\u00e1sa ut\u00e1n koll\u00e9g\u00e1nk email-ben vagy telefonon \u00e9rtes\u00edti a sz\u00e1ll\u00edt\u00e1si d\u00edjr\u00f3l \u00e9s a term\u00e9kek v\u00e1rhat\u00f3 gy\u00e1rt\u00e1si idej\u00e9r\u0151l, valamint a fizetend\u0151 el\u0151leg m\u00e9rt\u00e9k\u00e9r\u0151l. Amennyiben ezeket elfogadja, a csomagot elk\u00e9sz\u00edtj\u00fck, majd felad\u00e1sra ker\u00fcl. Amennyiben a megrendelt term\u00e9keket telephely\u00fcnkr\u0151l saj\u00e1t j\u00e1rm\u0171vel k\u00edv\u00e1nja elsz\u00e1ll\u00edtani (szem\u00e9lyes \u00e1tv\u00e9tel), a rendel\u00e9s feldolgoz\u00e1sa sor\u00e1n err\u0151l is egyeztet\u00fcnk \u00d6nnel.<\/p>\n<p>A megrendel\u00e9s akkor v\u00e1lik \u00e9l\u0151v\u00e9, ha azt az \u00fcgyf\u00e9lszolg\u00e1lat telefonon\/e-mailben visszaigazolja.<\/p>\n<p>[\/et_pb_text][\/et_pb_column][\/et_pb_row][\/et_pb_section][et_pb_section fb_built=&#8221;1&#8243; _builder_version=&#8221;4.17.3&#8243; _module_preset=&#8221;default&#8221; background_color=&#8221;#F4F4F4&#8243; custom_margin=&#8221;0px||0px||false|false&#8221; custom_padding=&#8221;0px||0px||false|false&#8221; global_colors_info=&#8221;{}&#8221;][et_pb_row _builder_version=&#8221;4.17.3&#8243; _module_preset=&#8221;default&#8221; global_colors_info=&#8221;{}&#8221;][et_pb_column type=&#8221;4_4&#8243; _builder_version=&#8221;4.17.3&#8243; _module_preset=&#8221;default&#8221; global_colors_info=&#8221;{}&#8221;][et_pb_divider _builder_version=&#8221;4.17.3&#8243; _module_preset=&#8221;default&#8221; module_alignment=&#8221;center&#8221; global_colors_info=&#8221;{}&#8221;][\/et_pb_divider][et_pb_button button_url=&#8221;\/&#8221; button_text=&#8221;Vissza a f\u0151oldalra&#8221; button_alignment=&#8221;center&#8221; _builder_version=&#8221;4.17.4&#8243; _module_preset=&#8221;default&#8221; custom_button=&#8221;on&#8221; button_font=&#8221;|||on|||||&#8221; button_icon_placement=&#8221;left&#8221; global_colors_info=&#8221;{}&#8221;][\/et_pb_button][\/et_pb_column][\/et_pb_row][\/et_pb_section]<\/p>","protected":false},"excerpt":{"rendered":"<p>\u00c1ltal\u00e1nos Szerz\u0151d\u00e9si Felt\u00e9telekK\u00e9rj\u00fck, olvassa el alaposan \u00c1ltal\u00e1nos Szerz\u0151d\u00e9si Felt\u00e9teleinket, hiszen rendel\u00e9se lead\u00e1s\u00e1val elfogadja a jelen dokumentumban le\u00edrtakat!Amennyiben webshopunk haszn\u00e1lat\u00e1val, a v\u00e1s\u00e1rl\u00e1s folyamat\u00e1val, term\u00e9keinkkel vagy az \u00c1ltal\u00e1nos Szerz\u0151d\u00e9si Felt\u00e9telekkel kapcsolatos k\u00e9rd\u00e9se van, az al\u00e1bbi el\u00e9rhet\u0151s\u00e9geken kereszt\u00fcl veheti fel vel\u00fcnk a kapcsolatot:Az Elad\u00f3 adatai:<div class=\"et_pb_module dvmd_table_maker dvmd_table_maker_0 dvmd_tm_version_3_2_0\">\n\t\t\t\t\n\t\t\t\t\n\t\t\t\t\n\t\t\t\t\n\t\t\t\t\n\t\t\t\t\n\t\t\t\t<div class=\"et_pb_module_inner\">\n\t\t\t\t\t<div\n                    role=\"table\"\n                    class=\"dvmd_tm_table dvmd_preload dvmd_tm_max_width_980 dvmd_tm_breakby_column dvmd_tm_blocks\"\n                    \n                    \n                    aria-rowcount=\"2\"\n                    aria-colcount=\"1\">\n                        <div class=\"dvmd_tm_tblock dvmd_tm_tblock_0 dvmd_tm_cblock\" role=\"rowgroup\">\n                        <div class=\"dvmd_tm_trow dvmd_tm_trow_0\" role=\"row\" aria-rowindex=\"1\"><div aria-colindex=\"1\" aria-rowindex=\"1\" role=\"columnheader\" class=\"dvmd_table_maker_item_0 dvmd_tm_tcell dvmd_tm_rhead dvmd_tm_col_0 dvmd_tm_row_0 dvmd_tm_col_first dvmd_tm_row_first dvmd_tm_col_odd dvmd_tm_row_odd\"><div class=\"dvmd_tm_cdata\">C&eacute;gn&eacute;v: Sz&eacute;khely: Postac&iacute;m: Ad&oacute;sz&aacute;m: Banksz&aacute;mlasz&aacute;m: C&eacute;gjegyz&eacute;ksz&aacute;m: Nyilv&aacute;ntart&aacute;sba vev&#337; hat&oacute;s&aacute;g neve: K&eacute;pvisel&#337; neve: Weboldal c&iacute;m: E-mail c&iacute;m: Mobilsz&aacute;m:<\/div><\/div>\n<\/div><div class=\"dvmd_tm_trow dvmd_tm_trow_1\" role=\"row\" aria-rowindex=\"2\"><div aria-colindex=\"1\" aria-rowindex=\"2\" role=\"cell\" class=\"dvmd_table_maker_item_1 dvmd_tm_tcell dvmd_tm_tdata dvmd_tm_col_1 dvmd_tm_row_0 dvmd_tm_col_last dvmd_tm_row_first dvmd_tm_col_even dvmd_tm_row_odd\"><div class=\"dvmd_tm_cdata\">PRODUKTUM GENER&Aacute;L Korl&aacute;tolt Felel&#337;ss&eacute;g&#369; T&aacute;rsas&aacute;g 6500 Baja, Venyige utca 39. B. &eacute;p. 6500 Baja, Venyige utca 39. B. &eacute;p. 26780300-2-03 11732033-22825492-00000000 (OTP Bank Nyrt.) 03-09-132834 Kecskem&eacute;ti T&ouml;rv&eacute;nysz&eacute;k C&eacute;gb&iacute;r&oacute;s&aacute;ga nyilv&aacute;ntart&aacute;s&aacute;ban Fekete J&aacute;nos produktumgeneral.hu vezetoseg@produktumgeneral.hu +36 20\/559-2357<\/div><\/div>\n<\/div>\n                    <\/div>\n                <\/div>\n\t\t\t\t<\/div>\n\t\t\t<\/div>T\u00e1rhelyszolg\u00e1ltat\u00f3 adatai:<div class=\"et_pb_module dvmd_table_maker dvmd_table_maker_1 dvmd_tm_version_3_2_0\">\n\t\t\t\t\n\t\t\t\t\n\t\t\t\t\n\t\t\t\t\n\t\t\t\t\n\t\t\t\t\n\t\t\t\t<div class=\"et_pb_module_inner\">\n\t\t\t\t\t<div\n                    role=\"table\"\n                    class=\"dvmd_tm_table dvmd_preload dvmd_tm_max_width_980 dvmd_tm_breakby_column dvmd_tm_blocks\"\n                    \n                    \n                    aria-rowcount=\"2\"\n                    aria-colcount=\"1\">\n                        <div class=\"dvmd_tm_tblock dvmd_tm_tblock_0 dvmd_tm_cblock\" role=\"rowgroup\">\n                        <div class=\"dvmd_tm_trow dvmd_tm_trow_0\" role=\"row\" aria-rowindex=\"1\"><div aria-colindex=\"1\" aria-rowindex=\"1\" role=\"columnheader\" class=\"dvmd_table_maker_item_2 dvmd_tm_tcell dvmd_tm_rhead dvmd_tm_col_0 dvmd_tm_row_0 dvmd_tm_col_first dvmd_tm_row_first dvmd_tm_col_odd dvmd_tm_row_odd\"><div class=\"dvmd_tm_cdata\">C&eacute;gn&eacute;v: Sz&eacute;khely: Weboldal c&iacute;m:<\/div><\/div>\n<\/div><div class=\"dvmd_tm_trow dvmd_tm_trow_1\" role=\"row\" aria-rowindex=\"2\"><div aria-colindex=\"1\" aria-rowindex=\"2\" role=\"cell\" class=\"dvmd_table_maker_item_3 dvmd_tm_tcell dvmd_tm_tdata dvmd_tm_col_1 dvmd_tm_row_0 dvmd_tm_col_last dvmd_tm_row_first dvmd_tm_col_even dvmd_tm_row_odd\"><div class=\"dvmd_tm_cdata\">HostingBazis Bt. 4642 Tornyosp&aacute;lca, M&aacute;ndoki utca 40. https:\/\/hostingbazis.hu\/<\/div><\/div>\n<\/div>\n                    <\/div>\n                <\/div>\n\t\t\t\t<\/div>\n\t\t\t<\/div>Fogalmak:Felek:\u00a0Elad\u00f3 \u00e9s Fogyaszt\u00f3\/V\u00e1llalkoz\u00e1s egy\u00fcttesen Fogyaszt\u00f3:\u00a0gazdas\u00e1gi tev\u00e9kenys\u00e9ge, illetve szakm\u00e1ja k\u00f6r\u00e9n k\u00edv\u00fcl elj\u00e1r\u00f3 nagykor\u00fa, 18. \u00e9let\u00e9v\u00e9t bet\u00f6lt\u00f6tt term\u00e9szetes szem\u00e9ly Fogyaszt\u00f3i Szerz\u0151d\u00e9s:\u00a0szerz\u0151d\u00e9s, melynek egyik alanya Fogyaszt\u00f3nak min\u0151s\u00fcl J\u00f3t\u00e1ll\u00e1s: a Fogyaszt\u00f3i Szerz\u0151d\u00e9s eset\u00e9ben a Polg\u00e1ri T\u00f6rv\u00e9nyk\u00f6nyv szerint jogszab\u00e1lyi k\u00f6telezetts\u00e9gen t\u00falmutat\u00f3, illetve \u00f6nk\u00e9nt, a szerz\u0151d\u00e9s megfelel\u0151 teljes\u00edt\u00e9s\u00e9\u00e9rt v\u00e1llalt j\u00f3t\u00e1ll\u00e1s k\u00f6telez\u0151 j\u00f3t\u00e1ll\u00e1s, mely jogszab\u00e1lyon alapul Szerz\u0151d\u00e9s:\u00a0Elad\u00f3 \u00e9s Fogyaszt\u00f3\/V\u00e1llalkoz\u00e1s k\u00f6z\u00f6tt a webshop \u00e9s e-mail felhaszn\u00e1l\u00e1s\u00e1val t\u00f6rt\u00e9n\u0151 ad\u00e1sv\u00e9teli szerz\u0151d\u00e9s megk\u00f6t\u00e9se T\u00e1voll\u00e9v\u0151k k\u00f6z\u00f6tt k\u00f6t\u00f6tt szerz\u0151d\u00e9s: [&hellip;]<\/p>","protected":false},"author":2,"featured_media":0,"parent":0,"menu_order":0,"comment_status":"closed","ping_status":"closed","template":"","meta":{"_et_pb_use_builder":"on","_et_pb_old_content":"","_et_gb_content_width":"","footnotes":""},"class_list":["post-1568","page","type-page","status-publish","hentry"],"yoast_head":"<!-- This site is optimized with the Yoast SEO plugin v27.4 - https:\/\/yoast.com\/product\/yoast-seo-wordpress\/ -->\n<title>\u00c1ltal\u00e1nos Szerz\u0151d\u00e9si Felt\u00e9telek - Produktum Gener\u00e1l Kft.<\/title>\n<meta name=\"robots\" content=\"index, follow, max-snippet:-1, max-image-preview:large, max-video-preview:-1\" \/>\n<link rel=\"canonical\" href=\"https:\/\/produktumgeneral.hu\/en\/altalanos-szerzodesi-feltetelek\/\" \/>\n<meta property=\"og:locale\" content=\"en_GB\" \/>\n<meta property=\"og:type\" content=\"article\" \/>\n<meta property=\"og:title\" content=\"\u00c1ltal\u00e1nos Szerz\u0151d\u00e9si Felt\u00e9telek - Produktum Gener\u00e1l Kft.\" \/>\n<meta property=\"og:description\" content=\"\u00c1ltal\u00e1nos Szerz\u0151d\u00e9si Felt\u00e9telekK\u00e9rj\u00fck, olvassa el alaposan \u00c1ltal\u00e1nos Szerz\u0151d\u00e9si Felt\u00e9teleinket, hiszen rendel\u00e9se lead\u00e1s\u00e1val elfogadja a jelen dokumentumban le\u00edrtakat!Amennyiben webshopunk haszn\u00e1lat\u00e1val, a v\u00e1s\u00e1rl\u00e1s folyamat\u00e1val, term\u00e9keinkkel vagy az \u00c1ltal\u00e1nos Szerz\u0151d\u00e9si Felt\u00e9telekkel kapcsolatos k\u00e9rd\u00e9se van, az al\u00e1bbi el\u00e9rhet\u0151s\u00e9geken kereszt\u00fcl veheti fel vel\u00fcnk a kapcsolatot:Az Elad\u00f3 adatai:T\u00e1rhelyszolg\u00e1ltat\u00f3 adatai:Fogalmak:Felek:\u00a0Elad\u00f3 \u00e9s Fogyaszt\u00f3\/V\u00e1llalkoz\u00e1s egy\u00fcttesen Fogyaszt\u00f3:\u00a0gazdas\u00e1gi tev\u00e9kenys\u00e9ge, illetve szakm\u00e1ja k\u00f6r\u00e9n k\u00edv\u00fcl elj\u00e1r\u00f3 nagykor\u00fa, 18. \u00e9let\u00e9v\u00e9t bet\u00f6lt\u00f6tt term\u00e9szetes szem\u00e9ly Fogyaszt\u00f3i Szerz\u0151d\u00e9s:\u00a0szerz\u0151d\u00e9s, melynek egyik alanya Fogyaszt\u00f3nak min\u0151s\u00fcl J\u00f3t\u00e1ll\u00e1s: a Fogyaszt\u00f3i Szerz\u0151d\u00e9s eset\u00e9ben a Polg\u00e1ri T\u00f6rv\u00e9nyk\u00f6nyv szerint jogszab\u00e1lyi k\u00f6telezetts\u00e9gen t\u00falmutat\u00f3, illetve \u00f6nk\u00e9nt, a szerz\u0151d\u00e9s megfelel\u0151 teljes\u00edt\u00e9s\u00e9\u00e9rt v\u00e1llalt j\u00f3t\u00e1ll\u00e1s k\u00f6telez\u0151 j\u00f3t\u00e1ll\u00e1s, mely jogszab\u00e1lyon alapul Szerz\u0151d\u00e9s:\u00a0Elad\u00f3 \u00e9s Fogyaszt\u00f3\/V\u00e1llalkoz\u00e1s k\u00f6z\u00f6tt a webshop \u00e9s e-mail felhaszn\u00e1l\u00e1s\u00e1val t\u00f6rt\u00e9n\u0151 ad\u00e1sv\u00e9teli szerz\u0151d\u00e9s megk\u00f6t\u00e9se T\u00e1voll\u00e9v\u0151k k\u00f6z\u00f6tt k\u00f6t\u00f6tt szerz\u0151d\u00e9s: [&hellip;]\" \/>\n<meta property=\"og:url\" content=\"https:\/\/produktumgeneral.hu\/en\/altalanos-szerzodesi-feltetelek\/\" \/>\n<meta property=\"og:site_name\" content=\"Produktum Gener\u00e1l Kft.\" \/>\n<meta property=\"article:modified_time\" content=\"2024-04-20T18:20:08+00:00\" \/>\n<meta name=\"twitter:card\" content=\"summary_large_image\" \/>\n<meta name=\"twitter:label1\" content=\"Estimated reading time\" \/>\n\t<meta name=\"twitter:data1\" content=\"47 minutes\" \/>\n<script type=\"application\/ld+json\" class=\"yoast-schema-graph\">{\"@context\":\"https:\\\/\\\/schema.org\",\"@graph\":[{\"@type\":\"WebPage\",\"@id\":\"https:\\\/\\\/produktumgeneral.hu\\\/altalanos-szerzodesi-feltetelek\\\/\",\"url\":\"https:\\\/\\\/produktumgeneral.hu\\\/altalanos-szerzodesi-feltetelek\\\/\",\"name\":\"\u00c1ltal\u00e1nos Szerz\u0151d\u00e9si Felt\u00e9telek - Produktum Gener\u00e1l Kft.\",\"isPartOf\":{\"@id\":\"https:\\\/\\\/produktumgeneral.hu\\\/#website\"},\"datePublished\":\"2022-09-07T09:22:08+00:00\",\"dateModified\":\"2024-04-20T18:20:08+00:00\",\"breadcrumb\":{\"@id\":\"https:\\\/\\\/produktumgeneral.hu\\\/altalanos-szerzodesi-feltetelek\\\/#breadcrumb\"},\"inLanguage\":\"en-GB\",\"potentialAction\":[{\"@type\":\"ReadAction\",\"target\":[\"https:\\\/\\\/produktumgeneral.hu\\\/altalanos-szerzodesi-feltetelek\\\/\"]}]},{\"@type\":\"BreadcrumbList\",\"@id\":\"https:\\\/\\\/produktumgeneral.hu\\\/altalanos-szerzodesi-feltetelek\\\/#breadcrumb\",\"itemListElement\":[{\"@type\":\"ListItem\",\"position\":1,\"name\":\"Home\",\"item\":\"https:\\\/\\\/produktumgeneral.hu\\\/\"},{\"@type\":\"ListItem\",\"position\":2,\"name\":\"\u00c1ltal\u00e1nos Szerz\u0151d\u00e9si Felt\u00e9telek\"}]},{\"@type\":\"WebSite\",\"@id\":\"https:\\\/\\\/produktumgeneral.hu\\\/#website\",\"url\":\"https:\\\/\\\/produktumgeneral.hu\\\/\",\"name\":\"Produktum Gener\u00e1l Kft.\",\"description\":\"Tapasztalt szakember csapattal az \u00d6n\u00f6k szolg\u00e1lat\u00e1ban. -- TERVEZ\u00dcNK-\u00c9P\u00cdT\u00dcNK-FEL\u00daJ\u00cdTUNK  --\",\"potentialAction\":[{\"@type\":\"SearchAction\",\"target\":{\"@type\":\"EntryPoint\",\"urlTemplate\":\"https:\\\/\\\/produktumgeneral.hu\\\/?s={search_term_string}\"},\"query-input\":{\"@type\":\"PropertyValueSpecification\",\"valueRequired\":true,\"valueName\":\"search_term_string\"}}],\"inLanguage\":\"en-GB\"}]}<\/script>\n<!-- \/ Yoast SEO plugin. -->","yoast_head_json":{"title":"\u00c1ltal\u00e1nos Szerz\u0151d\u00e9si Felt\u00e9telek - Produktum Gener\u00e1l Kft.","robots":{"index":"index","follow":"follow","max-snippet":"max-snippet:-1","max-image-preview":"max-image-preview:large","max-video-preview":"max-video-preview:-1"},"canonical":"https:\/\/produktumgeneral.hu\/en\/altalanos-szerzodesi-feltetelek\/","og_locale":"en_GB","og_type":"article","og_title":"\u00c1ltal\u00e1nos Szerz\u0151d\u00e9si Felt\u00e9telek - Produktum Gener\u00e1l Kft.","og_description":"\u00c1ltal\u00e1nos Szerz\u0151d\u00e9si Felt\u00e9telekK\u00e9rj\u00fck, olvassa el alaposan \u00c1ltal\u00e1nos Szerz\u0151d\u00e9si Felt\u00e9teleinket, hiszen rendel\u00e9se lead\u00e1s\u00e1val elfogadja a jelen dokumentumban le\u00edrtakat!Amennyiben webshopunk haszn\u00e1lat\u00e1val, a v\u00e1s\u00e1rl\u00e1s folyamat\u00e1val, term\u00e9keinkkel vagy az \u00c1ltal\u00e1nos Szerz\u0151d\u00e9si Felt\u00e9telekkel kapcsolatos k\u00e9rd\u00e9se van, az al\u00e1bbi el\u00e9rhet\u0151s\u00e9geken kereszt\u00fcl veheti fel vel\u00fcnk a kapcsolatot:Az Elad\u00f3 adatai:T\u00e1rhelyszolg\u00e1ltat\u00f3 adatai:Fogalmak:Felek:\u00a0Elad\u00f3 \u00e9s Fogyaszt\u00f3\/V\u00e1llalkoz\u00e1s egy\u00fcttesen Fogyaszt\u00f3:\u00a0gazdas\u00e1gi tev\u00e9kenys\u00e9ge, illetve szakm\u00e1ja k\u00f6r\u00e9n k\u00edv\u00fcl elj\u00e1r\u00f3 nagykor\u00fa, 18. \u00e9let\u00e9v\u00e9t bet\u00f6lt\u00f6tt term\u00e9szetes szem\u00e9ly Fogyaszt\u00f3i Szerz\u0151d\u00e9s:\u00a0szerz\u0151d\u00e9s, melynek egyik alanya Fogyaszt\u00f3nak min\u0151s\u00fcl J\u00f3t\u00e1ll\u00e1s: a Fogyaszt\u00f3i Szerz\u0151d\u00e9s eset\u00e9ben a Polg\u00e1ri T\u00f6rv\u00e9nyk\u00f6nyv szerint jogszab\u00e1lyi k\u00f6telezetts\u00e9gen t\u00falmutat\u00f3, illetve \u00f6nk\u00e9nt, a szerz\u0151d\u00e9s megfelel\u0151 teljes\u00edt\u00e9s\u00e9\u00e9rt v\u00e1llalt j\u00f3t\u00e1ll\u00e1s k\u00f6telez\u0151 j\u00f3t\u00e1ll\u00e1s, mely jogszab\u00e1lyon alapul Szerz\u0151d\u00e9s:\u00a0Elad\u00f3 \u00e9s Fogyaszt\u00f3\/V\u00e1llalkoz\u00e1s k\u00f6z\u00f6tt a webshop \u00e9s e-mail felhaszn\u00e1l\u00e1s\u00e1val t\u00f6rt\u00e9n\u0151 ad\u00e1sv\u00e9teli szerz\u0151d\u00e9s megk\u00f6t\u00e9se T\u00e1voll\u00e9v\u0151k k\u00f6z\u00f6tt k\u00f6t\u00f6tt szerz\u0151d\u00e9s: [&hellip;]","og_url":"https:\/\/produktumgeneral.hu\/en\/altalanos-szerzodesi-feltetelek\/","og_site_name":"Produktum Gener\u00e1l Kft.","article_modified_time":"2024-04-20T18:20:08+00:00","twitter_card":"summary_large_image","twitter_misc":{"Estimated reading time":"47 minutes"},"schema":{"@context":"https:\/\/schema.org","@graph":[{"@type":"WebPage","@id":"https:\/\/produktumgeneral.hu\/altalanos-szerzodesi-feltetelek\/","url":"https:\/\/produktumgeneral.hu\/altalanos-szerzodesi-feltetelek\/","name":"\u00c1ltal\u00e1nos Szerz\u0151d\u00e9si Felt\u00e9telek - Produktum Gener\u00e1l Kft.","isPartOf":{"@id":"https:\/\/produktumgeneral.hu\/#website"},"datePublished":"2022-09-07T09:22:08+00:00","dateModified":"2024-04-20T18:20:08+00:00","breadcrumb":{"@id":"https:\/\/produktumgeneral.hu\/altalanos-szerzodesi-feltetelek\/#breadcrumb"},"inLanguage":"en-GB","potentialAction":[{"@type":"ReadAction","target":["https:\/\/produktumgeneral.hu\/altalanos-szerzodesi-feltetelek\/"]}]},{"@type":"BreadcrumbList","@id":"https:\/\/produktumgeneral.hu\/altalanos-szerzodesi-feltetelek\/#breadcrumb","itemListElement":[{"@type":"ListItem","position":1,"name":"Home","item":"https:\/\/produktumgeneral.hu\/"},{"@type":"ListItem","position":2,"name":"\u00c1ltal\u00e1nos Szerz\u0151d\u00e9si Felt\u00e9telek"}]},{"@type":"WebSite","@id":"https:\/\/produktumgeneral.hu\/#website","url":"https:\/\/produktumgeneral.hu\/","name":"Produktum Gener\u00e1l Ltd.","description":"Tapasztalt szakember csapattal az \u00d6n\u00f6k szolg\u00e1lat\u00e1ban. -- TERVEZ\u00dcNK-\u00c9P\u00cdT\u00dcNK-FEL\u00daJ\u00cdTUNK  --","potentialAction":[{"@type":"SearchAction","target":{"@type":"EntryPoint","urlTemplate":"https:\/\/produktumgeneral.hu\/?s={search_term_string}"},"query-input":{"@type":"PropertyValueSpecification","valueRequired":true,"valueName":"search_term_string"}}],"inLanguage":"en-GB"}]}},"_links":{"self":[{"href":"https:\/\/produktumgeneral.hu\/en\/wp-json\/wp\/v2\/pages\/1568","targetHints":{"allow":["GET"]}}],"collection":[{"href":"https:\/\/produktumgeneral.hu\/en\/wp-json\/wp\/v2\/pages"}],"about":[{"href":"https:\/\/produktumgeneral.hu\/en\/wp-json\/wp\/v2\/types\/page"}],"author":[{"embeddable":true,"href":"https:\/\/produktumgeneral.hu\/en\/wp-json\/wp\/v2\/users\/2"}],"replies":[{"embeddable":true,"href":"https:\/\/produktumgeneral.hu\/en\/wp-json\/wp\/v2\/comments?post=1568"}],"version-history":[{"count":5,"href":"https:\/\/produktumgeneral.hu\/en\/wp-json\/wp\/v2\/pages\/1568\/revisions"}],"predecessor-version":[{"id":2260,"href":"https:\/\/produktumgeneral.hu\/en\/wp-json\/wp\/v2\/pages\/1568\/revisions\/2260"}],"wp:attachment":[{"href":"https:\/\/produktumgeneral.hu\/en\/wp-json\/wp\/v2\/media?parent=1568"}],"curies":[{"name":"wp","href":"https:\/\/api.w.org\/{rel}","templated":true}]}}