{"id":624,"date":"2022-05-06T11:59:49","date_gmt":"2022-05-06T09:59:49","guid":{"rendered":"https:\/\/produktumgeneral.hu\/?page_id=624"},"modified":"2022-12-17T11:58:31","modified_gmt":"2022-12-17T10:58:31","slug":"porfestes","status":"publish","type":"page","link":"https:\/\/produktumgeneral.hu\/de\/porfestes\/","title":{"rendered":"Pulverbeschichtung"},"content":{"rendered":"<p>[et_pb_section fb_built=&#8221;1&#8243; next_background_color=&#8221;#ffffff&#8221; _builder_version=&#8221;4.17.4&#8243; _module_preset=&#8221;default&#8221; background_enable_color=&#8221;off&#8221; use_background_color_gradient=&#8221;on&#8221; background_color_gradient_stops=&#8221;rgba(68,68,68,0.85) 0%|rgba(68,68,68,0.85) 100%&#8221; background_color_gradient_overlays_image=&#8221;on&#8221; background_image=&#8221;https:\/\/produktumgeneral.hu\/wp-content\/uploads\/2022\/05\/IMG_4520-50-1.jpg&#8221; custom_padding=&#8221;0px||6vh||false|false&#8221; bottom_divider_style=&#8221;asymmetric&#8221; locked=&#8221;off&#8221; global_colors_info=&#8221;{}&#8221;][et_pb_row column_structure=&#8221;2_3,1_3&#8243; _builder_version=&#8221;4.17.3&#8243; _module_preset=&#8221;default&#8221; custom_margin=&#8221;||||false|false&#8221; custom_padding=&#8221;||||false|false&#8221; global_colors_info=&#8221;{}&#8221;][et_pb_column type=&#8221;2_3&#8243; _builder_version=&#8221;4.17.3&#8243; _module_preset=&#8221;default&#8221; global_colors_info=&#8221;{}&#8221;][et_pb_divider divider_position=&#8221;bottom&#8221; _builder_version=&#8221;4.17.3&#8243; _module_preset=&#8221;default&#8221; global_colors_info=&#8221;{}&#8221;][\/et_pb_divider][et_pb_text _builder_version=&#8221;4.18.0&#8243; _module_preset=&#8221;default&#8221; global_colors_info=&#8221;{}&#8221;]<\/p>\n<h6>Wir sind stolz auf unser neues Werk<\/h6>\n<p>[\/et_pb_text][et_pb_text _builder_version=&#8221;4.18.0&#8243; _module_preset=&#8221;default&#8221; global_colors_info=&#8221;{}&#8221;]<\/p>\n<h1>Pulverbeschichtung<\/h1>\n<p>[\/et_pb_text][et_pb_text _builder_version=&#8221;4.18.0&#8243; _module_preset=&#8221;default&#8221; text_text_color=&#8221;#F4F4F4&#8243; global_colors_info=&#8221;{}&#8221;]<\/p>\n<p>Anfang 2022 weihte die Produktum Gener\u00e1l GmbH ihre neue, moderne Pulverbeschichtungsanlage ein, die allen Anforderungen und professionellen Standards entspricht und auch \u00fcbergro\u00dfe Werkst\u00fccke pulverbeschichten kann.<\/p>\n<p>[\/et_pb_text][\/et_pb_column][et_pb_column type=&#8221;1_3&#8243; _builder_version=&#8221;4.17.3&#8243; _module_preset=&#8221;default&#8221; global_colors_info=&#8221;{}&#8221;][et_pb_blurb title=&#8221;H\u00edvjon minket!&#8221; use_icon=&#8221;on&#8221; font_icon=&#8221;&#xe090;||divi||400&#8243; _builder_version=&#8221;4.17.4&#8243; _module_preset=&#8221;default&#8221; custom_margin=&#8221;10%||||false|false&#8221; animation_style=&#8221;slide&#8221; animation_direction=&#8221;right&#8221; animation_duration=&#8221;600ms&#8221; animation_intensity_slide=&#8221;20%&#8221; global_colors_info=&#8221;{}&#8221;]<\/p>\n<p><a href=\"tel:+36205592357\">+36 20\/559-2357<\/a><\/p>\n<p>[\/et_pb_blurb][et_pb_blurb title=&#8221;K\u00e9rd\u00e9se van?&#8221; use_icon=&#8221;on&#8221; font_icon=&#8221;&#xe076;||divi||400&#8243; _builder_version=&#8221;4.17.4&#8243; _module_preset=&#8221;default&#8221; animation_style=&#8221;slide&#8221; animation_direction=&#8221;right&#8221; animation_duration=&#8221;600ms&#8221; animation_delay=&#8221;300ms&#8221; animation_intensity_slide=&#8221;20%&#8221; global_colors_info=&#8221;{}&#8221;]<\/p>\n<p><a href=\"\/de\/elerhetosegeink\/#irjon-nekunk\">Schreiben Sie uns!<\/a><\/p>\n<p>[\/et_pb_blurb][et_pb_button button_url=&#8221;#uj-kezdet&#8221; button_text=&#8221;Egy \u00faj kezdet&#8221; _builder_version=&#8221;4.17.4&#8243; _module_preset=&#8221;default&#8221; custom_button=&#8221;on&#8221; button_text_color=&#8221;#F4F4F4&#8243; button_font=&#8221;|||on|||||&#8221; global_colors_info=&#8221;{}&#8221;][\/et_pb_button][\/et_pb_column][\/et_pb_row][\/et_pb_section][et_pb_section fb_built=&#8221;1&#8243; _builder_version=&#8221;4.17.4&#8243; _module_preset=&#8221;default&#8221; custom_margin=&#8221;||||false|false&#8221; custom_padding=&#8221;30px||||false|false&#8221; global_colors_info=&#8221;{}&#8221;][et_pb_row module_id=&#8221;uj-kezdet&#8221; _builder_version=&#8221;4.17.4&#8243; _module_preset=&#8221;default&#8221; custom_padding=&#8221;||0px||false|false&#8221; global_colors_info=&#8221;{}&#8221;][et_pb_column type=&#8221;4_4&#8243; _builder_version=&#8221;4.17.4&#8243; _module_preset=&#8221;default&#8221; global_colors_info=&#8221;{}&#8221;][et_pb_divider divider_position=&#8221;bottom&#8221; _builder_version=&#8221;4.17.3&#8243; _module_preset=&#8221;default&#8221; global_colors_info=&#8221;{}&#8221;][\/et_pb_divider][et_pb_text _builder_version=&#8221;4.17.4&#8243; _module_preset=&#8221;default&#8221; global_colors_info=&#8221;{}&#8221;]<\/p>\n<h6>Gro\u00dfes Material? Kein Problem!<\/h6>\n<p>[\/et_pb_text][et_pb_text _builder_version=&#8221;4.17.4&#8243; _module_preset=&#8221;default&#8221; global_colors_info=&#8221;{}&#8221;]<\/p>\n<h2 class=\"translation-block\">Wir <strong> steigern den Wert <\/strong><\/h2>\n<p>[\/et_pb_text][\/et_pb_column][\/et_pb_row][et_pb_row column_structure=&#8221;3_5,2_5&#8243; use_custom_gutter=&#8221;on&#8221; make_equal=&#8221;on&#8221; _builder_version=&#8221;4.17.4&#8243; _module_preset=&#8221;default&#8221; global_colors_info=&#8221;{}&#8221;][et_pb_column type=&#8221;3_5&#8243; _builder_version=&#8221;4.17.4&#8243; _module_preset=&#8221;default&#8221; global_colors_info=&#8221;{}&#8221;][et_pb_text _builder_version=&#8221;4.18.0&#8243; _module_preset=&#8221;default&#8221; global_colors_info=&#8221;{}&#8221;]<\/p>\n<p>Die Produktum Gener\u00e1l GmbH hat Anfang 2022 ihre neue, moderne Pulverbeschichtungsanlage, die allen Anforderungen und professionellen Standards entspricht, \u00fcbergeben.<\/p>\n<p>In unserer Pulverbeschichtungsanlage k\u00f6nnen wir auf Anfrage Beschichtungen f\u00fcr alle Oberfl\u00e4chen in industriellen Gr\u00f6\u00dfen herstellen.<\/p>\n<p>Wir schaffen Mehrwert, indem wir die Lebensdauer von Bauwerken verl\u00e4ngern, die Lebenszykluskosten senken und den Energieverbrauch reduzieren.<\/p>\n<p>Gro\u00dfe Farbspr\u00fch Kabine, gro\u00dfer 3-Tonnen-Schienen-Materialtransport, gro\u00dfer 8,5 x 2,2 x 1,4 Meter gro\u00dfer Pulverofen.<\/p>\n<p>[\/et_pb_text][et_pb_text _builder_version=&#8221;4.17.4&#8243; _module_preset=&#8221;default&#8221; header_5_text_align=&#8221;center&#8221; header_5_line_height=&#8221;1.2em&#8221; global_colors_info=&#8221;{}&#8221;]<\/p>\n<h5>Der Standort ist auch f\u00fcr den Empfang von \u00fcbergro\u00dfen St\u00fccken geeignet, die auf der Hauptstra\u00dfe transportiert werden k\u00f6nnen!<\/h5>\n<p>[\/et_pb_text][\/et_pb_column][et_pb_column type=&#8221;2_5&#8243; _builder_version=&#8221;4.17.4&#8243; _module_preset=&#8221;default&#8221; background_color=&#8221;#444444&#8243; custom_padding=&#8221;20px|20px|20px|20px|true|true&#8221; box_shadow_style=&#8221;preset4&#8243; global_colors_info=&#8221;{}&#8221;][et_pb_text _builder_version=&#8221;4.18.0&#8243; _module_preset=&#8221;default&#8221; text_text_color=&#8221;#F4F4F4&#8243; header_2_text_align=&#8221;center&#8221; header_2_text_color=&#8221;#F4F4F4&#8243; header_3_text_color=&#8221;#F4F4F4&#8243; global_colors_info=&#8221;{}&#8221;]<\/p>\n<h2>Mit der Pulverbeschichtung<\/h2>\n<p>[\/et_pb_text][et_pb_blurb title=&#8221;Cs\u00f6kkentj\u00fck az \u00e9letciklus k\u00f6lts\u00e9get&#8221; use_icon=&#8221;on&#8221; font_icon=&#8221;&#x4e;||divi||400&#8243; _builder_version=&#8221;4.17.4&#8243; _module_preset=&#8221;default&#8221; header_line_height=&#8221;1.2em&#8221; animation_style=&#8221;slide&#8221; animation_direction=&#8221;right&#8221; animation_duration=&#8221;600ms&#8221; header_font_size_tablet=&#8221;&#8221; header_font_size_phone=&#8221;20px&#8221; header_font_size_last_edited=&#8221;on|tablet&#8221; global_colors_info=&#8221;{}&#8221;][\/et_pb_blurb][et_pb_blurb title=&#8221;Meghosszab\u00edtjuk a szerkezet \u00e9lettartam\u00e1t&#8221; use_icon=&#8221;on&#8221; font_icon=&#8221;&#x4e;||divi||400&#8243; _builder_version=&#8221;4.17.4&#8243; _module_preset=&#8221;default&#8221; header_line_height=&#8221;1.2em&#8221; animation_style=&#8221;slide&#8221; animation_direction=&#8221;right&#8221; animation_duration=&#8221;600ms&#8221; animation_delay=&#8221;100ms&#8221; header_font_size_tablet=&#8221;&#8221; header_font_size_phone=&#8221;20px&#8221; header_font_size_last_edited=&#8221;on|phone&#8221; global_colors_info=&#8221;{}&#8221;][\/et_pb_blurb][et_pb_blurb title=&#8221;Cs\u00f6kkentj\u00fck az energiafelhaszn\u00e1l\u00e1st&#8221; use_icon=&#8221;on&#8221; font_icon=&#8221;&#x4e;||divi||400&#8243; _builder_version=&#8221;4.17.4&#8243; _module_preset=&#8221;default&#8221; header_line_height=&#8221;1.2em&#8221; animation_style=&#8221;slide&#8221; animation_direction=&#8221;right&#8221; animation_duration=&#8221;600ms&#8221; animation_delay=&#8221;200ms&#8221; header_font_size_tablet=&#8221;&#8221; header_font_size_phone=&#8221;20px&#8221; header_font_size_last_edited=&#8221;on|phone&#8221; global_colors_info=&#8221;{}&#8221;][\/et_pb_blurb][\/et_pb_column][\/et_pb_row][et_pb_row _builder_version=&#8221;4.17.4&#8243; _module_preset=&#8221;default&#8221; global_colors_info=&#8221;{}&#8221;][et_pb_column type=&#8221;4_4&#8243; _builder_version=&#8221;4.17.4&#8243; _module_preset=&#8221;default&#8221; global_colors_info=&#8221;{}&#8221;][et_pb_button button_url=&#8221;#uzletpolitikank&#8221; button_text=&#8221;\u00dczletpolitik\u00e1nk&#8221; button_alignment=&#8221;center&#8221; _builder_version=&#8221;4.17.4&#8243; _module_preset=&#8221;default&#8221; global_colors_info=&#8221;{}&#8221;][\/et_pb_button][\/et_pb_column][\/et_pb_row][\/et_pb_section][et_pb_section fb_built=&#8221;1&#8243; prev_background_color=&#8221;#ffffff&#8221; _builder_version=&#8221;4.17.4&#8243; _module_preset=&#8221;default&#8221; background_color=&#8221;#EACE2B&#8221; custom_margin=&#8221;0px||||false|false&#8221; custom_padding=&#8221;0px||10px||false|false&#8221; top_divider_style=&#8221;asymmetric&#8221; locked=&#8221;off&#8221; global_colors_info=&#8221;{}&#8221;][\/et_pb_section][et_pb_section fb_built=&#8221;1&#8243; prev_background_color=&#8221;#EACE2B&#8221; next_background_color=&#8221;#F4F4F4&#8243; _builder_version=&#8221;4.17.4&#8243; _module_preset=&#8221;default&#8221; background_color=&#8221;#222222&#8243; custom_padding=&#8221;||150px||false|false&#8221; top_divider_style=&#8221;asymmetric&#8221; bottom_divider_style=&#8221;asymmetric&#8221; locked=&#8221;off&#8221; global_colors_info=&#8221;{}&#8221;][\/et_pb_section][et_pb_section fb_built=&#8221;1&#8243; next_background_color=&#8221;#ffffff&#8221; _builder_version=&#8221;4.17.4&#8243; _module_preset=&#8221;default&#8221; background_color=&#8221;#F4F4F4&#8243; bottom_divider_style=&#8221;asymmetric&#8221; global_colors_info=&#8221;{}&#8221;][et_pb_row module_id=&#8221;uzletpolitikank&#8221; _builder_version=&#8221;4.17.4&#8243; _module_preset=&#8221;default&#8221; global_colors_info=&#8221;{}&#8221;][et_pb_column type=&#8221;4_4&#8243; _builder_version=&#8221;4.17.4&#8243; _module_preset=&#8221;default&#8221; global_colors_info=&#8221;{}&#8221;][et_pb_divider divider_position=&#8221;bottom&#8221; _builder_version=&#8221;4.17.3&#8243; _module_preset=&#8221;default&#8221; global_colors_info=&#8221;{}&#8221;][\/et_pb_divider][et_pb_text _builder_version=&#8221;4.17.4&#8243; _module_preset=&#8221;default&#8221; global_colors_info=&#8221;{}&#8221;]<\/p>\n<h6>Unsere Gesch\u00e4ftspolitik<\/h6>\n<p>[\/et_pb_text][et_pb_text _builder_version=&#8221;4.17.4&#8243; _module_preset=&#8221;default&#8221; global_colors_info=&#8221;{}&#8221;]<\/p>\n<h2 class=\"translation-block\">Wir bieten <strong>zuverl\u00e4ssige Qualit\u00e4t<strong><\/h2>\n<p>[\/et_pb_text][et_pb_text _builder_version=&#8221;4.18.0&#8243; _module_preset=&#8221;default&#8221; text_orientation=&#8221;justified&#8221; global_colors_info=&#8221;{}&#8221;]<\/p>\n<p>Unsere Gesch\u00e4ftspolitik basiert auf zuverl\u00e4ssiger Qualit\u00e4t und flexibler Arbeitsweise.<\/p>\n<p>Dies wird durch unser intern entwickeltes integriertes Managementsystem und unsere Arbeitsumgebung unterst\u00fctzt, die von Marton Szak\u00e9rt\u0151 Iroda GmbH. gem\u00e4\u00df <strong>ISO 9001:2015<\/strong> Qualit\u00e4tsmanagementsystem und <strong>ISO 14001:2015<\/strong> Umweltmanagementsystem zertifiziert und qualifiziert wurde.<\/p>\n<p>[\/et_pb_text][et_pb_text _builder_version=&#8221;4.17.4&#8243; _module_preset=&#8221;default&#8221; global_colors_info=&#8221;{}&#8221;]<\/p>\n<p>Ziel der Unternehmensf\u00fchrung ist die langfristige Entwicklung und der Ausbau von Marktpositionen. Dies wollen wir in erster Linie auf zuverl\u00e4ssiges Personal und die Bereitstellung hochwertiger Produkte und Dienstleistungen st\u00fctzen.<\/p>\n<p>[\/et_pb_text][et_pb_button button_url=&#8221;#a-porfestesrol&#8221; button_text=&#8221;A porfest\u00e9sr\u0151l&#8221; button_alignment=&#8221;center&#8221; _builder_version=&#8221;4.17.4&#8243; _module_preset=&#8221;default&#8221; global_colors_info=&#8221;{}&#8221;][\/et_pb_button][\/et_pb_column][\/et_pb_row][\/et_pb_section][et_pb_section fb_built=&#8221;1&#8243; next_background_color=&#8221;#EACE2B&#8221; _builder_version=&#8221;4.17.4&#8243; _module_preset=&#8221;default&#8221; bottom_divider_style=&#8221;asymmetric&#8221; global_colors_info=&#8221;{}&#8221;][et_pb_row custom_padding_last_edited=&#8221;off|phone&#8221; module_id=&#8221;a-porfestesrol&#8221; _builder_version=&#8221;4.17.4&#8243; _module_preset=&#8221;default&#8221; custom_margin_phone=&#8221;||||false|false&#8221; custom_margin_last_edited=&#8221;off|desktop&#8221; custom_padding_phone=&#8221;||||false|false&#8221; global_colors_info=&#8221;{}&#8221;][et_pb_column type=&#8221;4_4&#8243; _builder_version=&#8221;4.17.4&#8243; _module_preset=&#8221;default&#8221; global_colors_info=&#8221;{}&#8221;][et_pb_text _builder_version=&#8221;4.17.4&#8243; _module_preset=&#8221;default&#8221; header_2_text_align=&#8221;center&#8221; global_colors_info=&#8221;{}&#8221;]<\/p>\n<h2>\u00dcber Pulverbeschichtung<\/h2>\n<p>[\/et_pb_text][\/et_pb_column][\/et_pb_row][et_pb_row column_structure=&#8221;1_4,3_4&#8243; custom_padding_last_edited=&#8221;on|tablet&#8221; _builder_version=&#8221;4.17.4&#8243; _module_preset=&#8221;default&#8221; custom_margin_tablet=&#8221;&#8221; custom_margin_phone=&#8221;&#8221; custom_margin_last_edited=&#8221;on|phone&#8221; custom_padding=&#8221;||||false|false&#8221; custom_padding_tablet=&#8221;0px||||false|false&#8221; custom_padding_phone=&#8221;0px||||false|false&#8221; global_colors_info=&#8221;{}&#8221;][et_pb_column type=&#8221;1_4&#8243; _builder_version=&#8221;4.17.4&#8243; _module_preset=&#8221;default&#8221; global_colors_info=&#8221;{}&#8221;][et_pb_icon font_icon=&#8221;&#xf12a;||fa||900&#8243; icon_color=&#8221;#444444&#8243; icon_color_tablet=&#8221;#444444&#8243; icon_color_phone=&#8221;#444444&#8243; icon_color_last_edited=&#8221;on|phone&#8221; icon_width_tablet=&#8221;&#8221; icon_width_phone=&#8221;50px&#8221; icon_width_last_edited=&#8221;on|phone&#8221; _builder_version=&#8221;4.17.4&#8243; _module_preset=&#8221;default&#8221; custom_margin_tablet=&#8221;0px||||false|false&#8221; custom_margin_phone=&#8221;0px||||false|false&#8221; custom_margin_last_edited=&#8221;on|phone&#8221; custom_padding=&#8221;20px|50px|20px|50px|true|true&#8221; custom_padding_tablet=&#8221;20px||20px||true|true&#8221; custom_padding_phone=&#8221;|40px||40px|true|true&#8221; custom_padding_last_edited=&#8221;on|tablet&#8221; border_radii=&#8221;on|50%|50%|50%|50%&#8221; border_width_all=&#8221;3px&#8221; border_color_all=&#8221;#EACE2B&#8221; locked=&#8221;off&#8221; global_colors_info=&#8221;{}&#8221;][\/et_pb_icon][\/et_pb_column][et_pb_column type=&#8221;3_4&#8243; _builder_version=&#8221;4.17.4&#8243; _module_preset=&#8221;default&#8221; global_colors_info=&#8221;{}&#8221;][et_pb_text _builder_version=&#8221;4.19.4&#8243; _module_preset=&#8221;default&#8221; hover_enabled=&#8221;0&#8243; global_colors_info=&#8221;{}&#8221; sticky_enabled=&#8221;0&#8243;]<\/p>\n<p>Die Pulverbeschichtung (oder umgangssprachlich das Pulverspritzen) ist ein Verfahren, bei dem eine Farbe auf Pulverbasis mit einer anderen Zusammensetzung als das als Bindemittel verwendete L\u00f6sungsmittel mit einer elektrostatischen Spritzpistole auf eine Oberfl\u00e4che aufgetragen wird.<\/p>\n<p>Die auf der Oberfl\u00e4che haftende Kunststoff Pulverfarbe h\u00e4rtet im Brennofen bei 170 - 210 Grad Celsius aus.<\/p>\n<p>Die so entstandene Oberfl\u00e4che ist je nach Beschichtungsmaterial extrem haltbar, flexibel und hitzebest\u00e4ndig.<\/p>\n<p>Die Technologie ben\u00f6tigt keine L\u00f6sungsmittel, und aufgrund des geschlossenen Systems gibt es keine Schadstoffemissionen und keine Trocknungszeit.<\/p>\n<p>Nach dem Brennen des Pulvers kann die Oberfl\u00e4che nach dem Abk\u00fchlen sofort verwendet und verpackt werden.<\/p>\n<p>Wie bei den meisten beschichtungstechnischen Verfahren ist auch bei der Pulverbeschichtung die Oberfl\u00e4chenvorbereitung von entscheidender Bedeutung.<\/p>\n<p>[\/et_pb_text][\/et_pb_column][\/et_pb_row][et_pb_row column_structure=&#8221;1_2,1_2&#8243; _builder_version=&#8221;4.17.4&#8243; _module_preset=&#8221;default&#8221; global_colors_info=&#8221;{}&#8221;][et_pb_column type=&#8221;1_2&#8243; _builder_version=&#8221;4.17.4&#8243; _module_preset=&#8221;default&#8221; global_colors_info=&#8221;{}&#8221;][et_pb_button button_url=&#8221;#kepek&#8221; button_text=&#8221;K\u00e9pek az \u00fczemr\u0151l&#8221; button_alignment=&#8221;center&#8221; _builder_version=&#8221;4.17.4&#8243; _module_preset=&#8221;default&#8221; custom_button=&#8221;on&#8221; button_font=&#8221;|||on|||||&#8221; global_colors_info=&#8221;{}&#8221;][\/et_pb_button][\/et_pb_column][et_pb_column type=&#8221;1_2&#8243; _builder_version=&#8221;4.17.4&#8243; _module_preset=&#8221;default&#8221; global_colors_info=&#8221;{}&#8221;][et_pb_button button_url=&#8221;\/elerhetosegeink#gyik&#8221; button_text=&#8221;Gyakori k\u00e9rd\u00e9sek a porfest\u00e9sr\u0151l&#8221; button_alignment=&#8221;center&#8221; _builder_version=&#8221;4.17.4&#8243; _module_preset=&#8221;default&#8221; custom_button=&#8221;on&#8221; button_font=&#8221;|||on|||||&#8221; custom_margin_tablet=&#8221;||10px||false|false&#8221; custom_margin_phone=&#8221;||20px||false|false&#8221; custom_margin_last_edited=&#8221;on|phone&#8221; custom_padding_tablet=&#8221;&#8221; custom_padding_phone=&#8221;&#8221; custom_padding_last_edited=&#8221;on|phone&#8221; global_colors_info=&#8221;{}&#8221;][\/et_pb_button][\/et_pb_column][\/et_pb_row][\/et_pb_section][et_pb_section fb_built=&#8221;1&#8243; _builder_version=&#8221;4.17.4&#8243; _module_preset=&#8221;default&#8221; background_color=&#8221;#EACE2B&#8221; custom_margin=&#8221;0px||||false|false&#8221; custom_padding=&#8221;0px||10px||false|false&#8221; locked=&#8221;off&#8221; global_colors_info=&#8221;{}&#8221;][\/et_pb_section][et_pb_section fb_built=&#8221;1&#8243; prev_background_color=&#8221;#EACE2B&#8221; module_id=&#8221;izelito-munkainkbol&#8221; _builder_version=&#8221;4.17.4&#8243; _module_preset=&#8221;default&#8221; background_color=&#8221;#222222&#8243; custom_margin=&#8221;||0px||false|false&#8221; custom_padding=&#8221;||0px||false|false&#8221; top_divider_style=&#8221;asymmetric&#8221; locked=&#8221;off&#8221; global_colors_info=&#8221;{}&#8221;][et_pb_row column_structure=&#8221;3_5,2_5&#8243; module_id=&#8221;kepek&#8221; _builder_version=&#8221;4.17.4&#8243; _module_preset=&#8221;default&#8221; width=&#8221;95%&#8221; max_width=&#8221;100%&#8221; global_colors_info=&#8221;{}&#8221;][et_pb_column type=&#8221;3_5&#8243; _builder_version=&#8221;4.17.4&#8243; _module_preset=&#8221;default&#8221; global_colors_info=&#8221;{}&#8221;][et_pb_divider divider_position=&#8221;bottom&#8221; _builder_version=&#8221;4.17.3&#8243; _module_preset=&#8221;default&#8221; global_colors_info=&#8221;{}&#8221;][\/et_pb_divider][et_pb_text _builder_version=&#8221;4.18.0&#8243; _module_preset=&#8221;default&#8221; global_colors_info=&#8221;{}&#8221;]<\/p>\n<h6>Frische Bilder von unserer neuen Pulverbeschichtungsanlage<\/h6>\n<p>[\/et_pb_text][et_pb_text _builder_version=&#8221;4.17.4&#8243; _module_preset=&#8221;default&#8221; header_text_color=&#8221;#F4F4F4&#8243; header_2_text_color=&#8221;#F4F4F4&#8243; global_colors_info=&#8221;{}&#8221;]<\/p>\n<h2 class=\"translation-block\">Worauf wir zu Recht stolz sind<\/h2>\n<p>[\/et_pb_text][\/et_pb_column][et_pb_column type=&#8221;2_5&#8243; _builder_version=&#8221;4.17.4&#8243; _module_preset=&#8221;default&#8221; global_colors_info=&#8221;{}&#8221;][et_pb_button button_url=&#8221;\/elerhetosegeink#irjon-nekunk&#8221; button_text=&#8221;Vegye fel vel\u00fcnk a kapcsolatot!&#8221; button_alignment=&#8221;center&#8221; _builder_version=&#8221;4.17.4&#8243; _module_preset=&#8221;default&#8221; custom_button=&#8221;on&#8221; button_text_color=&#8221;#F4F4F4&#8243; button_font=&#8221;|||on|||||&#8221; button_icon_color=&#8221;#F4F4F4&#8243; custom_margin=&#8221;15%||||false|false&#8221; animation_style=&#8221;bounce&#8221; global_colors_info=&#8221;{}&#8221;][\/et_pb_button][\/et_pb_column][\/et_pb_row][\/et_pb_section][et_pb_section fb_built=&#8221;1&#8243; _builder_version=&#8221;4.17.4&#8243; _module_preset=&#8221;default&#8221; custom_margin=&#8221;0px||0px||false|false&#8221; custom_padding=&#8221;0px||0px||false|false&#8221; locked=&#8221;off&#8221; global_colors_info=&#8221;{}&#8221;][et_pb_row _builder_version=&#8221;4.17.4&#8243; _module_preset=&#8221;default&#8221; width=&#8221;100%&#8221; max_width=&#8221;100%&#8221; custom_margin=&#8221;0px||0px||false|false&#8221; custom_padding=&#8221;0px||0px||false|false&#8221; global_colors_info=&#8221;{}&#8221;][et_pb_column type=&#8221;4_4&#8243; _builder_version=&#8221;4.17.4&#8243; _module_preset=&#8221;default&#8221; global_colors_info=&#8221;{}&#8221;][dsm_masonry_gallery gallery_ids=&#8221;948,947,949,950,951,1063,1064,1065&#8243; use_lightbox=&#8221;on&#8221; lightbox_title=&#8221;off&#8221; lightbox_caption=&#8221;off&#8221; use_zoom_on_hover=&#8221;on&#8221; _builder_version=&#8221;4.18.0&#8243; _module_preset=&#8221;default&#8221; custom_margin=&#8221;||0px||false|false&#8221; custom_padding=&#8221;||0px||false|false&#8221; global_colors_info=&#8221;{}&#8221;][\/dsm_masonry_gallery][\/et_pb_column][\/et_pb_row][\/et_pb_section]<\/p>","protected":false},"excerpt":{"rendered":"<p>B\u00fcszk\u00e9k vagyunk \u00faj \u00fczem\u00fcnkrePorfest\u00e9sA Produktum Gener\u00e1l Kft. 2022 \u00e9v elej\u00e9n adta \u00e1t \u00faj, modern, minden ig\u00e9nyt \u00e9s szakmai szabv\u00e1nyt kiel\u00e9g\u00edt\u0151 b\u00e9rfest\u0151 \u00fczemegys\u00e9g\u00e9t, ahol ak\u00e1r t\u00falm\u00e9retes darabok porfest\u00e9s\u00e9re is alkalmas.+36 20\/559-2357\u00cdrjon nek\u00fcnk!Nagym\u00e9ret\u0171 anyagok? nem probl\u00e9ma!\u00c9rt\u00e9ket n\u00f6vel\u00fcnkA Produktum Gener\u00e1l Kft. 2022 \u00e9v elej\u00e9n adta \u00e1t \u00faj, modern, minden ig\u00e9nyt \u00e9s szakmai szabv\u00e1nyt kiel\u00e9g\u00edt\u0151 b\u00e9rfest\u0151\u00a0 \u00fczemegys\u00e9g\u00e9t. Porfest\u0151 \u00fczem\u00fcnkben ipari m\u00e9retekben minden fel\u00fcletre ig\u00e9ny szerinti bevonatot k\u00e9sz\u00edt\u00fcnk. \u00c9rt\u00e9kn\u00f6vel\u0151 tev\u00e9kenys\u00e9g\u00fcnkkel meghosszabb\u00edtjuk a szerkezetek \u00e9lettartam\u00e1t, cs\u00f6kkentj\u00fck az \u00e9letciklus\u00a0 k\u00f6lts\u00e9get \u00e9s az energiafelhaszn\u00e1l\u00e1st. Nagym\u00e9ret\u0171 fest\u00e9ksz\u00f3r\u00f3 kamra, nagy m\u00e9ret\u0171 3 t teherb\u00edr\u00e1s\u00fa konvejorp\u00e1ly\u00e1s\u00a0 anyagmozgat\u00e1s, nagy m\u00e9ret\u0171 8,5 x 2,2 x 1,4\u00a0 m porbe\u00e9get\u0151 kemence.A f\u0151\u00fat ment\u00e9n k\u00f6z\u00faton sz\u00e1ll\u00edthat\u00f3 t\u00falm\u00e9retes darabok fogad\u00e1s\u00e1ra is alkalmas a telephely!A porfest\u00e9ssel\u00dczletpolitik\u00e1nkMegb\u00edzhat\u00f3 min\u0151s\u00e9get k\u00edn\u00e1lunk\u00dczletpolitik\u00e1nk szerint v\u00e1llalkoz\u00e1sunk a megb\u00edzhat\u00f3 min\u0151s\u00e9g \u00e9s a rugalmas munkav\u00e1llal\u00e1s szellem\u00e9ben v\u00e9gzi munk\u00e1j\u00e1t. Ebben seg\u00edt saj\u00e1t fejleszt\u00e9s\u0171 integr\u00e1lt v\u00e1llalatir\u00e1ny\u00edt\u00e1si rendszer\u00fcnk \u00e9s a Marton Szak\u00e9rt\u0151 Iroda Kft \u00e1ltal tan\u00fas\u00edtott \u00e9s min\u0151s\u00edtett ISO 9001:2015 min\u0151s\u00e9gir\u00e1ny\u00edt\u00e1si- \u00e9s ISO 14001:2015 k\u00f6rnyezetk\u00f6zpont\u00fa ir\u00e1ny\u00edt\u00e1si rendszer\u00fcnk szerint kialak\u00edtott munkak\u00f6rnyezet\u00fcnk.A t\u00e1rsas\u00e1g vezet\u0151s\u00e9g\u00e9nek c\u00e9lja a hossz\u00fa t\u00e1v\u00fa fejl\u0151d\u00e9s illetve a piaci poz\u00edci\u00f3k n\u00f6vel\u00e9se. Ezt els\u0151sorban a megb\u00edzhat\u00f3 dolgoz\u00f3i \u00e1llom\u00e1nyra, min\u0151s\u00e9gi term\u00e9kek \u00e9s szolg\u00e1ltat\u00e1sok ny\u00fajt\u00e1s\u00e1ra k\u00edv\u00e1njuk alapozni.A porfest\u00e9sr\u0151lA porfest\u00e9s (vagy k\u00f6znapi nyelven porsz\u00f3r\u00e1s, szinterez\u00e9s) elj\u00e1r\u00e1s l\u00e9nyege, hogy egy k\u00f6t\u0151anyag\u00e1t tekintve az old\u00f3szerest\u0151l elt\u00e9r\u0151\u00a0 \u00f6sszet\u00e9tel\u0171, por alap\u00fa, fest\u00e9ket hordanak fel az adott [&hellip;]<\/p>","protected":false},"author":2,"featured_media":0,"parent":0,"menu_order":0,"comment_status":"closed","ping_status":"closed","template":"","meta":{"_et_pb_use_builder":"on","_et_pb_old_content":"<!-- wp:divi\/placeholder \/-->","_et_gb_content_width":"","footnotes":""},"class_list":["post-624","page","type-page","status-publish","hentry"],"yoast_head":"<!-- This site is optimized with the Yoast SEO plugin v27.4 - https:\/\/yoast.com\/product\/yoast-seo-wordpress\/ -->\n<title>Porfest\u00e9s - Produktum Gener\u00e1l Kft.<\/title>\n<meta name=\"description\" content=\"Porfest\u00e9s, porsz\u00f3r\u00e1s! \u00dczem\u00fcnk nagy m\u00e9ret\u0171 munkadarabok megmunk\u00e1l\u00e1s\u00e1val is megbirk\u00f3zik! T\u00falm\u00e9retes darabok fogad\u00e1s\u00e1ra is alkalmas a telephely!\" \/>\n<meta name=\"robots\" content=\"index, follow, max-snippet:-1, max-image-preview:large, max-video-preview:-1\" \/>\n<link rel=\"canonical\" href=\"https:\/\/produktumgeneral.hu\/de\/porfestes\/\" \/>\n<meta property=\"og:locale\" content=\"de_DE\" \/>\n<meta property=\"og:type\" content=\"article\" \/>\n<meta property=\"og:title\" content=\"Porfest\u00e9s - Produktum Gener\u00e1l Kft.\" \/>\n<meta property=\"og:description\" content=\"Porfest\u00e9s, porsz\u00f3r\u00e1s! \u00dczem\u00fcnk nagy m\u00e9ret\u0171 munkadarabok megmunk\u00e1l\u00e1s\u00e1val is megbirk\u00f3zik! T\u00falm\u00e9retes darabok fogad\u00e1s\u00e1ra is alkalmas a telephely!\" \/>\n<meta property=\"og:url\" content=\"https:\/\/produktumgeneral.hu\/de\/porfestes\/\" \/>\n<meta property=\"og:site_name\" content=\"Produktum Gener\u00e1l Kft.\" \/>\n<meta property=\"article:modified_time\" content=\"2022-12-17T10:58:31+00:00\" \/>\n<meta name=\"twitter:card\" content=\"summary_large_image\" \/>\n<meta name=\"twitter:label1\" content=\"Gesch\u00e4tzte Lesezeit\" \/>\n\t<meta name=\"twitter:data1\" content=\"5\u00a0Minuten\" \/>\n<script type=\"application\/ld+json\" class=\"yoast-schema-graph\">{\"@context\":\"https:\\\/\\\/schema.org\",\"@graph\":[{\"@type\":\"WebPage\",\"@id\":\"https:\\\/\\\/produktumgeneral.hu\\\/porfestes\\\/\",\"url\":\"https:\\\/\\\/produktumgeneral.hu\\\/porfestes\\\/\",\"name\":\"Porfest\u00e9s - Produktum Gener\u00e1l Kft.\",\"isPartOf\":{\"@id\":\"https:\\\/\\\/produktumgeneral.hu\\\/#website\"},\"datePublished\":\"2022-05-06T09:59:49+00:00\",\"dateModified\":\"2022-12-17T10:58:31+00:00\",\"description\":\"Porfest\u00e9s, porsz\u00f3r\u00e1s! \u00dczem\u00fcnk nagy m\u00e9ret\u0171 munkadarabok megmunk\u00e1l\u00e1s\u00e1val is megbirk\u00f3zik! T\u00falm\u00e9retes darabok fogad\u00e1s\u00e1ra is alkalmas a telephely!\",\"breadcrumb\":{\"@id\":\"https:\\\/\\\/produktumgeneral.hu\\\/porfestes\\\/#breadcrumb\"},\"inLanguage\":\"de\",\"potentialAction\":[{\"@type\":\"ReadAction\",\"target\":[\"https:\\\/\\\/produktumgeneral.hu\\\/porfestes\\\/\"]}]},{\"@type\":\"BreadcrumbList\",\"@id\":\"https:\\\/\\\/produktumgeneral.hu\\\/porfestes\\\/#breadcrumb\",\"itemListElement\":[{\"@type\":\"ListItem\",\"position\":1,\"name\":\"Home\",\"item\":\"https:\\\/\\\/produktumgeneral.hu\\\/\"},{\"@type\":\"ListItem\",\"position\":2,\"name\":\"Porfest\u00e9s\"}]},{\"@type\":\"WebSite\",\"@id\":\"https:\\\/\\\/produktumgeneral.hu\\\/#website\",\"url\":\"https:\\\/\\\/produktumgeneral.hu\\\/\",\"name\":\"Produktum Gener\u00e1l Kft.\",\"description\":\"Tapasztalt szakember csapattal az \u00d6n\u00f6k szolg\u00e1lat\u00e1ban. -- TERVEZ\u00dcNK-\u00c9P\u00cdT\u00dcNK-FEL\u00daJ\u00cdTUNK  --\",\"potentialAction\":[{\"@type\":\"SearchAction\",\"target\":{\"@type\":\"EntryPoint\",\"urlTemplate\":\"https:\\\/\\\/produktumgeneral.hu\\\/?s={search_term_string}\"},\"query-input\":{\"@type\":\"PropertyValueSpecification\",\"valueRequired\":true,\"valueName\":\"search_term_string\"}}],\"inLanguage\":\"de\"}]}<\/script>\n<!-- \/ Yoast SEO plugin. -->","yoast_head_json":{"title":"Porfest\u00e9s - Produktum Gener\u00e1l Kft.","description":"Porfest\u00e9s, porsz\u00f3r\u00e1s! \u00dczem\u00fcnk nagy m\u00e9ret\u0171 munkadarabok megmunk\u00e1l\u00e1s\u00e1val is megbirk\u00f3zik! T\u00falm\u00e9retes darabok fogad\u00e1s\u00e1ra is alkalmas a telephely!","robots":{"index":"index","follow":"follow","max-snippet":"max-snippet:-1","max-image-preview":"max-image-preview:large","max-video-preview":"max-video-preview:-1"},"canonical":"https:\/\/produktumgeneral.hu\/de\/porfestes\/","og_locale":"de_DE","og_type":"article","og_title":"Porfest\u00e9s - Produktum Gener\u00e1l Kft.","og_description":"Porfest\u00e9s, porsz\u00f3r\u00e1s! \u00dczem\u00fcnk nagy m\u00e9ret\u0171 munkadarabok megmunk\u00e1l\u00e1s\u00e1val is megbirk\u00f3zik! T\u00falm\u00e9retes darabok fogad\u00e1s\u00e1ra is alkalmas a telephely!","og_url":"https:\/\/produktumgeneral.hu\/de\/porfestes\/","og_site_name":"Produktum Gener\u00e1l Kft.","article_modified_time":"2022-12-17T10:58:31+00:00","twitter_card":"summary_large_image","twitter_misc":{"Gesch\u00e4tzte Lesezeit":"5\u00a0Minuten"},"schema":{"@context":"https:\/\/schema.org","@graph":[{"@type":"WebPage","@id":"https:\/\/produktumgeneral.hu\/porfestes\/","url":"https:\/\/produktumgeneral.hu\/porfestes\/","name":"Porfest\u00e9s - Produktum Gener\u00e1l Kft.","isPartOf":{"@id":"https:\/\/produktumgeneral.hu\/#website"},"datePublished":"2022-05-06T09:59:49+00:00","dateModified":"2022-12-17T10:58:31+00:00","description":"Porfest\u00e9s, porsz\u00f3r\u00e1s! \u00dczem\u00fcnk nagy m\u00e9ret\u0171 munkadarabok megmunk\u00e1l\u00e1s\u00e1val is megbirk\u00f3zik! T\u00falm\u00e9retes darabok fogad\u00e1s\u00e1ra is alkalmas a telephely!","breadcrumb":{"@id":"https:\/\/produktumgeneral.hu\/porfestes\/#breadcrumb"},"inLanguage":"de","potentialAction":[{"@type":"ReadAction","target":["https:\/\/produktumgeneral.hu\/porfestes\/"]}]},{"@type":"BreadcrumbList","@id":"https:\/\/produktumgeneral.hu\/porfestes\/#breadcrumb","itemListElement":[{"@type":"ListItem","position":1,"name":"Home","item":"https:\/\/produktumgeneral.hu\/"},{"@type":"ListItem","position":2,"name":"Porfest\u00e9s"}]},{"@type":"WebSite","@id":"https:\/\/produktumgeneral.hu\/#website","url":"https:\/\/produktumgeneral.hu\/","name":"Produktum Gener\u00e1l GmbH.","description":"Tapasztalt szakember csapattal az \u00d6n\u00f6k szolg\u00e1lat\u00e1ban. -- TERVEZ\u00dcNK-\u00c9P\u00cdT\u00dcNK-FEL\u00daJ\u00cdTUNK  --","potentialAction":[{"@type":"SearchAction","target":{"@type":"EntryPoint","urlTemplate":"https:\/\/produktumgeneral.hu\/?s={search_term_string}"},"query-input":{"@type":"PropertyValueSpecification","valueRequired":true,"valueName":"search_term_string"}}],"inLanguage":"de"}]}},"_links":{"self":[{"href":"https:\/\/produktumgeneral.hu\/de\/wp-json\/wp\/v2\/pages\/624","targetHints":{"allow":["GET"]}}],"collection":[{"href":"https:\/\/produktumgeneral.hu\/de\/wp-json\/wp\/v2\/pages"}],"about":[{"href":"https:\/\/produktumgeneral.hu\/de\/wp-json\/wp\/v2\/types\/page"}],"author":[{"embeddable":true,"href":"https:\/\/produktumgeneral.hu\/de\/wp-json\/wp\/v2\/users\/2"}],"replies":[{"embeddable":true,"href":"https:\/\/produktumgeneral.hu\/de\/wp-json\/wp\/v2\/comments?post=624"}],"version-history":[{"count":8,"href":"https:\/\/produktumgeneral.hu\/de\/wp-json\/wp\/v2\/pages\/624\/revisions"}],"predecessor-version":[{"id":2087,"href":"https:\/\/produktumgeneral.hu\/de\/wp-json\/wp\/v2\/pages\/624\/revisions\/2087"}],"wp:attachment":[{"href":"https:\/\/produktumgeneral.hu\/de\/wp-json\/wp\/v2\/media?parent=624"}],"curies":[{"name":"wp","href":"https:\/\/api.w.org\/{rel}","templated":true}]}}